{"id":8,"date":"2020-12-08T19:03:33","date_gmt":"2020-12-08T19:03:33","guid":{"rendered":"https:\/\/selftherapie.net\/?page_id=8"},"modified":"2025-01-24T15:09:38","modified_gmt":"2025-01-24T15:09:38","slug":"actualites","status":"publish","type":"page","link":"https:\/\/selftherapie.com\/en\/actualites\/","title":{"rendered":"News"},"content":{"rendered":"<div data-elementor-type=\"wp-page\" data-elementor-id=\"8\" class=\"elementor elementor-8\" data-elementor-settings=\"{&quot;ha_cmc_init_switcher&quot;:&quot;no&quot;,&quot;element_pack_global_tooltip_width&quot;:{&quot;unit&quot;:&quot;px&quot;,&quot;size&quot;:&quot;&quot;,&quot;sizes&quot;:[]},&quot;element_pack_global_tooltip_width_tablet&quot;:{&quot;unit&quot;:&quot;px&quot;,&quot;size&quot;:&quot;&quot;,&quot;sizes&quot;:[]},&quot;element_pack_global_tooltip_width_mobile&quot;:{&quot;unit&quot;:&quot;px&quot;,&quot;size&quot;:&quot;&quot;,&quot;sizes&quot;:[]},&quot;element_pack_global_tooltip_padding&quot;:{&quot;unit&quot;:&quot;px&quot;,&quot;top&quot;:&quot;&quot;,&quot;right&quot;:&quot;&quot;,&quot;bottom&quot;:&quot;&quot;,&quot;left&quot;:&quot;&quot;,&quot;isLinked&quot;:true},&quot;element_pack_global_tooltip_padding_tablet&quot;:{&quot;unit&quot;:&quot;px&quot;,&quot;top&quot;:&quot;&quot;,&quot;right&quot;:&quot;&quot;,&quot;bottom&quot;:&quot;&quot;,&quot;left&quot;:&quot;&quot;,&quot;isLinked&quot;:true},&quot;element_pack_global_tooltip_padding_mobile&quot;:{&quot;unit&quot;:&quot;px&quot;,&quot;top&quot;:&quot;&quot;,&quot;right&quot;:&quot;&quot;,&quot;bottom&quot;:&quot;&quot;,&quot;left&quot;:&quot;&quot;,&quot;isLinked&quot;:true},&quot;element_pack_global_tooltip_border_radius&quot;:{&quot;unit&quot;:&quot;px&quot;,&quot;top&quot;:&quot;&quot;,&quot;right&quot;:&quot;&quot;,&quot;bottom&quot;:&quot;&quot;,&quot;left&quot;:&quot;&quot;,&quot;isLinked&quot;:true},&quot;element_pack_global_tooltip_border_radius_tablet&quot;:{&quot;unit&quot;:&quot;px&quot;,&quot;top&quot;:&quot;&quot;,&quot;right&quot;:&quot;&quot;,&quot;bottom&quot;:&quot;&quot;,&quot;left&quot;:&quot;&quot;,&quot;isLinked&quot;:true},&quot;element_pack_global_tooltip_border_radius_mobile&quot;:{&quot;unit&quot;:&quot;px&quot;,&quot;top&quot;:&quot;&quot;,&quot;right&quot;:&quot;&quot;,&quot;bottom&quot;:&quot;&quot;,&quot;left&quot;:&quot;&quot;,&quot;isLinked&quot;:true}}\" data-elementor-post-type=\"page\">\n\t\t\t\t\t\t<section class=\"elementor-section elementor-top-section elementor-element elementor-element-1fb670f elementor-section-boxed elementor-section-height-default elementor-section-height-default\" data-id=\"1fb670f\" data-element_type=\"section\" data-e-type=\"section\" data-settings=\"{&quot;_ha_eqh_enable&quot;:false}\">\n\t\t\t\t\t\t<div class=\"elementor-container elementor-column-gap-default\">\n\t\t\t\t\t<div class=\"elementor-column elementor-col-100 elementor-top-column elementor-element elementor-element-838bfab\" data-id=\"838bfab\" data-element_type=\"column\" data-e-type=\"column\">\n\t\t\t<div class=\"elementor-widget-wrap elementor-element-populated\">\n\t\t\t\t\t\t<div class=\"elementor-element elementor-element-cbf3401 ha-layout-block ha-align-center elementor-widget elementor-widget-ha-advanced-heading happy-addon ha-advanced-heading happy-addon-pro\" data-id=\"cbf3401\" data-element_type=\"widget\" data-e-type=\"widget\" data-widget_type=\"ha-advanced-heading.default\">\n\t\t\t\t<div class=\"elementor-widget-container\">\n\t\t\t\t\t\n\t\t<h2 class=\"ha-advanced-heading-tag\">\n\t\t\t\t\t\t<div class=\"ha-advanced-heading-wrap\" data-background-text=\"\">\n\t\t\t\t<span class=\"ha-advanced-heading-before\">The latest<\/span>\n\t\t\t\t<span class=\"ha-advanced-heading-center\">News<\/span>\n\t\t\t\t<span class=\"ha-advanced-heading-after\">about STF<\/span>\n\t\t\t\t<span class=\"ha-advanced-heading-border\"><\/span>\n\t\t\t<\/div>\n\t\t\t\t\t<\/h2>\n\n\t\t\t\t\t\t<\/div>\n\t\t\t\t<\/div>\n\t\t\t\t\t<\/div>\n\t\t<\/div>\n\t\t\t\t\t<\/div>\n\t\t<\/section>\n\t\t\t\t<section class=\"elementor-section elementor-top-section elementor-element elementor-element-87f9fe1 elementor-section-boxed elementor-section-height-default elementor-section-height-default\" data-id=\"87f9fe1\" data-element_type=\"section\" data-e-type=\"section\" data-settings=\"{&quot;_ha_eqh_enable&quot;:false}\">\n\t\t\t\t\t\t<div class=\"elementor-container elementor-column-gap-default\">\n\t\t\t\t\t<div class=\"elementor-column elementor-col-100 elementor-top-column elementor-element elementor-element-c404dc3\" data-id=\"c404dc3\" data-element_type=\"column\" data-e-type=\"column\">\n\t\t\t<div class=\"elementor-widget-wrap elementor-element-populated\">\n\t\t\t\t\t\t<div class=\"elementor-element elementor-element-496ded4 dce-col-3 dce-posts-layout-default dce-col-tablet-3 dce-col-mobile-1 dce-align-left elementor-widget elementor-widget-dce-dynamicposts-v2\" data-id=\"496ded4\" data-element_type=\"widget\" data-e-type=\"widget\" data-settings=\"{&quot;templatemode_linkable&quot;:&quot;yes&quot;,&quot;style_items&quot;:&quot;default&quot;,&quot;grid_grid_type&quot;:&quot;flex&quot;}\" data-widget_type=\"dce-dynamicposts-v2.grid\">\n\t\t\t\t<div class=\"elementor-widget-container\">\n\t\t\t\t\t\n\t\t<div class=\"dce-fix-background-loop dce-posts-container dce-posts dce-dynamic-posts-collection reveal-effect reveal-effect-4 dce-skin-grid dce-skin-grid-flex\">\n\t\t\t\t\t\t<div class=\"dce-posts-wrapper dce-wrapper-grid\">\n\t\t\t\n\t\t<article class=\"post-20431 post type-post status-publish format-standard has-post-thumbnail hentry category-conferences wpbf-post dce-post dce-post-item dce-item-grid\" data-dce-post-id=\"20431\" data-dce-post-index=\"0\" data-post-link=\"https:\/\/selftherapie.com\/en\/le-dr-francois-le-doze-au-sommet-trauma-attachement-resilience-2026-le-rendez-vous-incontournable\/\">\n\t\t\t<div class=\"dce-post-block\">\n\t\t<div class=\"dce-item dce-item_image elementor-repeater-item-f99b5ea\"><a class=\"dce-post-image\" href=\"https:\/\/selftherapie.com\/en\/le-dr-francois-le-doze-au-sommet-trauma-attachement-resilience-2026-le-rendez-vous-incontournable\/\" target=\"_blank\"><figure  class=\"dce-img\"><img fetchpriority=\"high\" decoding=\"async\" width=\"1024\" height=\"1024\" src=\"https:\/\/selftherapie.com\/wp-content\/uploads\/2026\/01\/Sommet-Trauma-2026_Francois-Le-Doze_1080x1080-1024x1024.jpg\" class=\"\" alt=\"Le Dr Fran\u00e7ois Le Doze au Sommet \u00ab\u00a0Trauma, Attach(e)ment &#038; R\u00e9silience\u00a0\u00bb 2026 : Le Rendez-vous Incontournable\" srcset=\"https:\/\/selftherapie.com\/wp-content\/uploads\/2026\/01\/Sommet-Trauma-2026_Francois-Le-Doze_1080x1080-1024x1024.jpg 1024w, https:\/\/selftherapie.com\/wp-content\/uploads\/2026\/01\/Sommet-Trauma-2026_Francois-Le-Doze_1080x1080-300x300.jpg 300w, https:\/\/selftherapie.com\/wp-content\/uploads\/2026\/01\/Sommet-Trauma-2026_Francois-Le-Doze_1080x1080-150x150.jpg 150w, https:\/\/selftherapie.com\/wp-content\/uploads\/2026\/01\/Sommet-Trauma-2026_Francois-Le-Doze_1080x1080-768x768.jpg 768w, https:\/\/selftherapie.com\/wp-content\/uploads\/2026\/01\/Sommet-Trauma-2026_Francois-Le-Doze_1080x1080-12x12.jpg 12w, https:\/\/selftherapie.com\/wp-content\/uploads\/2026\/01\/Sommet-Trauma-2026_Francois-Le-Doze_1080x1080-700x700.jpg 700w, https:\/\/selftherapie.com\/wp-content\/uploads\/2026\/01\/Sommet-Trauma-2026_Francois-Le-Doze_1080x1080.jpg 1080w\" sizes=\"(max-width: 1024px) 100vw, 1024px\" \/><\/figure><\/a><\/div><div class=\"dce-item dce-item_termstaxonomy elementor-repeater-item-c8840b8\"><div class=\"dce-post-terms\"><ul class=\"dce-terms-list dce-taxonomy-category\"><li class=\"dce-term-item\"><span class=\"dce-term dce-term-30\" data-dce-order=\"\"><a href=\"https:\/\/selftherapie.com\/en\/category\/conferences\/\">Conferences<\/a><\/span><\/li><\/ul><\/div><\/div><div class=\"dce-item dce-item_title elementor-repeater-item-1f994e0\"><h3 class=\"dce-post-title\"><a href=\"https:\/\/selftherapie.com\/en\/le-dr-francois-le-doze-au-sommet-trauma-attachement-resilience-2026-le-rendez-vous-incontournable\/\" target=\"_blank\">Dr Fran\u00e7ois Le Doze at the \u00abTrauma, Attach(e)ment &amp; Resilience\u00bb Summit 2026: Le Rendez-vous Incontournable<\/a><\/h3><\/div><div class=\"dce-item dce-item_content elementor-repeater-item-e7ae4b8\"><div class=\"dce-post-content\">From March 18 to April 1, 2026, Quantum Way presents the 6th edition of the Trauma, Attach(e)ment &amp;am...<\/div><\/div>\t\t\t<\/div>\n\t\t<\/article>\n\t\t\n\t\t<article class=\"post-8648 post type-post status-publish format-standard has-post-thumbnail hentry category-videos wpbf-post dce-post dce-post-item dce-item-grid\" data-dce-post-id=\"8648\" data-dce-post-index=\"1\" data-post-link=\"https:\/\/selftherapie.com\/en\/entretien-guerir-ses-traumas-grace-au-modele-de-lintelligence-relationnelle-dr-francois-ledoze\/\">\n\t\t\t<div class=\"dce-post-block\">\n\t\t<div class=\"dce-item dce-item_image elementor-repeater-item-f99b5ea\"><a class=\"dce-post-image\" href=\"https:\/\/selftherapie.com\/en\/entretien-guerir-ses-traumas-grace-au-modele-de-lintelligence-relationnelle-dr-francois-ledoze\/\" target=\"_blank\"><figure  class=\"dce-img\"><img decoding=\"async\" width=\"1024\" height=\"528\" src=\"https:\/\/selftherapie.com\/wp-content\/uploads\/2025\/08\/2025-08-27_09h54_24-1024x528.png\" class=\"\" alt=\"Entretien : Gu\u00e9rir ses traumas gr\u00e2ce au mod\u00e8le de l\u2019Intelligence Relationnelle\u00ae \u2013 Dr Fran\u00e7ois LeDoze\" srcset=\"https:\/\/selftherapie.com\/wp-content\/uploads\/2025\/08\/2025-08-27_09h54_24-1024x528.png 1024w, https:\/\/selftherapie.com\/wp-content\/uploads\/2025\/08\/2025-08-27_09h54_24-300x155.png 300w, https:\/\/selftherapie.com\/wp-content\/uploads\/2025\/08\/2025-08-27_09h54_24-768x396.png 768w, https:\/\/selftherapie.com\/wp-content\/uploads\/2025\/08\/2025-08-27_09h54_24-18x9.png 18w, https:\/\/selftherapie.com\/wp-content\/uploads\/2025\/08\/2025-08-27_09h54_24.png 1263w\" sizes=\"(max-width: 1024px) 100vw, 1024px\" \/><\/figure><\/a><\/div><div class=\"dce-item dce-item_termstaxonomy elementor-repeater-item-c8840b8\"><div class=\"dce-post-terms\"><ul class=\"dce-terms-list dce-taxonomy-category\"><li class=\"dce-term-item\"><span class=\"dce-term dce-term-26\" data-dce-order=\"\"><a href=\"https:\/\/selftherapie.com\/en\/category\/videos\/\">Videos<\/a><\/span><\/li><\/ul><\/div><\/div><div class=\"dce-item dce-item_title elementor-repeater-item-1f994e0\"><h3 class=\"dce-post-title\"><a href=\"https:\/\/selftherapie.com\/en\/entretien-guerir-ses-traumas-grace-au-modele-de-lintelligence-relationnelle-dr-francois-ledoze\/\" target=\"_blank\">Interview: Healing traumas with the Relational Intelligence\u00ae model - Dr Fran\u00e7ois LeDoze<\/a><\/h3><\/div><div class=\"dce-item dce-item_content elementor-repeater-item-e7ae4b8\"><div class=\"dce-post-content\">In a fascinating podcast episode, Dr Fran\u00e7ois Le Doze, neurologist and creator of the mo...<\/div><\/div>\t\t\t<\/div>\n\t\t<\/article>\n\t\t\n\t\t<article class=\"post-8600 post type-post status-publish format-standard has-post-thumbnail hentry category-uncategorized category-docs-audio wpbf-post dce-post dce-post-item dce-item-grid\" data-dce-post-id=\"8600\" data-dce-post-index=\"2\" data-post-link=\"https:\/\/selftherapie.com\/en\/les-interventions-du-dr-francois-le-doze-dans-le-podcast-trauma-et-patate-chaude\/\">\n\t\t\t<div class=\"dce-post-block\">\n\t\t<div class=\"dce-item dce-item_image elementor-repeater-item-f99b5ea\"><a class=\"dce-post-image\" href=\"https:\/\/selftherapie.com\/en\/les-interventions-du-dr-francois-le-doze-dans-le-podcast-trauma-et-patate-chaude\/\" target=\"_blank\"><figure  class=\"dce-img\"><img decoding=\"async\" width=\"1024\" height=\"1024\" src=\"https:\/\/selftherapie.com\/wp-content\/uploads\/2025\/08\/1732274314196-addbd932-0f1a-4606-83b7-1d13f019bed5-1024x1024.jpg\" class=\"\" alt=\"Les interventions du Dr Fran\u00e7ois Le Doze dans le podcast \u00ab\u00a0Trauma et patate chaude\u00a0\u00bb.\" srcset=\"https:\/\/selftherapie.com\/wp-content\/uploads\/2025\/08\/1732274314196-addbd932-0f1a-4606-83b7-1d13f019bed5-1024x1024.jpg 1024w, https:\/\/selftherapie.com\/wp-content\/uploads\/2025\/08\/1732274314196-addbd932-0f1a-4606-83b7-1d13f019bed5-300x300.jpg 300w, https:\/\/selftherapie.com\/wp-content\/uploads\/2025\/08\/1732274314196-addbd932-0f1a-4606-83b7-1d13f019bed5-150x150.jpg 150w, https:\/\/selftherapie.com\/wp-content\/uploads\/2025\/08\/1732274314196-addbd932-0f1a-4606-83b7-1d13f019bed5-768x768.jpg 768w, https:\/\/selftherapie.com\/wp-content\/uploads\/2025\/08\/1732274314196-addbd932-0f1a-4606-83b7-1d13f019bed5-1536x1536.jpg 1536w, https:\/\/selftherapie.com\/wp-content\/uploads\/2025\/08\/1732274314196-addbd932-0f1a-4606-83b7-1d13f019bed5-2048x2048.jpg 2048w, https:\/\/selftherapie.com\/wp-content\/uploads\/2025\/08\/1732274314196-addbd932-0f1a-4606-83b7-1d13f019bed5-12x12.jpg 12w, https:\/\/selftherapie.com\/wp-content\/uploads\/2025\/08\/1732274314196-addbd932-0f1a-4606-83b7-1d13f019bed5-700x700.jpg 700w\" sizes=\"(max-width: 1024px) 100vw, 1024px\" \/><\/figure><\/a><\/div><div class=\"dce-item dce-item_termstaxonomy elementor-repeater-item-c8840b8\"><div class=\"dce-post-terms\"><ul class=\"dce-terms-list dce-taxonomy-category\"><li class=\"dce-term-item\"><span class=\"dce-term dce-term-1\" data-dce-order=\"\"><a href=\"https:\/\/selftherapie.com\/en\/category\/uncategorized\/\">Miscellaneous<\/a><\/span><\/li><li class=\"dce-term-item\"><span class=\"dce-separator\"> | <\/span><span class=\"dce-term dce-term-34\" data-dce-order=\"\"><a href=\"https:\/\/selftherapie.com\/en\/category\/docs-audio\/\">Audio documents<\/a><\/span><\/li><\/ul><\/div><\/div><div class=\"dce-item dce-item_title elementor-repeater-item-1f994e0\"><h3 class=\"dce-post-title\"><a href=\"https:\/\/selftherapie.com\/en\/les-interventions-du-dr-francois-le-doze-dans-le-podcast-trauma-et-patate-chaude\/\" target=\"_blank\">Dr Fran\u00e7ois Le Doze's contributions to the \u00abTrauma and the hot potato\u00bb podcast.<\/a><\/h3><\/div><div class=\"dce-item dce-item_content elementor-repeater-item-e7ae4b8\"><div class=\"dce-post-content\">The Trauma and Hot Potatoes podcast offers in-depth discussions on the mechanisms of trauma,...<\/div><\/div>\t\t\t<\/div>\n\t\t<\/article>\n\t\t\n\t\t<article class=\"post-8556 post type-post status-publish format-standard has-post-thumbnail hentry category-conferences wpbf-post dce-post dce-post-item dce-item-grid\" data-dce-post-id=\"8556\" data-dce-post-index=\"3\" data-post-link=\"https:\/\/selftherapie.com\/en\/une-masterclass-avec-le-dr-francois-le-doze-est-organisee-le-13-novembre-prochain\/\">\n\t\t\t<div class=\"dce-post-block\">\n\t\t<div class=\"dce-item dce-item_image elementor-repeater-item-f99b5ea\"><a class=\"dce-post-image\" href=\"https:\/\/selftherapie.com\/en\/une-masterclass-avec-le-dr-francois-le-doze-est-organisee-le-13-novembre-prochain\/\" target=\"_blank\"><figure  class=\"dce-img\"><img loading=\"lazy\" decoding=\"async\" width=\"600\" height=\"300\" src=\"https:\/\/selftherapie.com\/wp-content\/uploads\/2025\/07\/Banner-pic-RESIZED-FOR-MAILCHIMP.png\" class=\"\" alt=\"Une masterclass avec le Dr. Fran\u00e7ois Le Doze est organis\u00e9e le 13 novembre prochain !\" srcset=\"https:\/\/selftherapie.com\/wp-content\/uploads\/2025\/07\/Banner-pic-RESIZED-FOR-MAILCHIMP.png 600w, https:\/\/selftherapie.com\/wp-content\/uploads\/2025\/07\/Banner-pic-RESIZED-FOR-MAILCHIMP-300x150.png 300w, https:\/\/selftherapie.com\/wp-content\/uploads\/2025\/07\/Banner-pic-RESIZED-FOR-MAILCHIMP-18x9.png 18w\" sizes=\"(max-width: 600px) 100vw, 600px\" \/><\/figure><\/a><\/div><div class=\"dce-item dce-item_termstaxonomy elementor-repeater-item-c8840b8\"><div class=\"dce-post-terms\"><ul class=\"dce-terms-list dce-taxonomy-category\"><li class=\"dce-term-item\"><span class=\"dce-term dce-term-30\" data-dce-order=\"\"><a href=\"https:\/\/selftherapie.com\/en\/category\/conferences\/\">Conferences<\/a><\/span><\/li><\/ul><\/div><\/div><div class=\"dce-item dce-item_title elementor-repeater-item-1f994e0\"><h3 class=\"dce-post-title\"><a href=\"https:\/\/selftherapie.com\/en\/une-masterclass-avec-le-dr-francois-le-doze-est-organisee-le-13-novembre-prochain\/\" target=\"_blank\">A masterclass with Dr Fran\u00e7ois Le Doze is organized on 13 November<\/a><\/h3><\/div><div class=\"dce-item dce-item_content elementor-repeater-item-e7ae4b8\"><div class=\"dce-post-content\">Dr. Fran\u00e7ois Le Doze will lead a masterclass on Relational Intelligence\u00ae on November 13...<\/div><\/div>\t\t\t<\/div>\n\t\t<\/article>\n\t\t\n\t\t<article class=\"post-8559 post type-post status-publish format-standard has-post-thumbnail hentry category-conferences wpbf-post dce-post dce-post-item dce-item-grid\" data-dce-post-id=\"8559\" data-dce-post-index=\"4\" data-post-link=\"https:\/\/selftherapie.com\/en\/les-16-17-septembre-a-paris-bessel-van-der-kolk-decode-le-trauma-et-propose-des-cles-pour-guerir\/\">\n\t\t\t<div class=\"dce-post-block\">\n\t\t<div class=\"dce-item dce-item_image elementor-repeater-item-f99b5ea\"><a class=\"dce-post-image\" href=\"https:\/\/selftherapie.com\/en\/les-16-17-septembre-a-paris-bessel-van-der-kolk-decode-le-trauma-et-propose-des-cles-pour-guerir\/\" target=\"_blank\"><figure  class=\"dce-img\"><img loading=\"lazy\" decoding=\"async\" width=\"1024\" height=\"457\" src=\"https:\/\/selftherapie.com\/wp-content\/uploads\/2025\/07\/2025-07-09_16h51_31-1024x457.png\" class=\"\" alt=\"Les 16 &#038; 17 septembre \u00e0 Paris : Bessel van der Kolk d\u00e9code le trauma et propose des cl\u00e9s pour gu\u00e9rir\" srcset=\"https:\/\/selftherapie.com\/wp-content\/uploads\/2025\/07\/2025-07-09_16h51_31-1024x457.png 1024w, https:\/\/selftherapie.com\/wp-content\/uploads\/2025\/07\/2025-07-09_16h51_31-300x134.png 300w, https:\/\/selftherapie.com\/wp-content\/uploads\/2025\/07\/2025-07-09_16h51_31-768x343.png 768w, https:\/\/selftherapie.com\/wp-content\/uploads\/2025\/07\/2025-07-09_16h51_31-18x8.png 18w, https:\/\/selftherapie.com\/wp-content\/uploads\/2025\/07\/2025-07-09_16h51_31.png 1364w\" sizes=\"(max-width: 1024px) 100vw, 1024px\" \/><\/figure><\/a><\/div><div class=\"dce-item dce-item_termstaxonomy elementor-repeater-item-c8840b8\"><div class=\"dce-post-terms\"><ul class=\"dce-terms-list dce-taxonomy-category\"><li class=\"dce-term-item\"><span class=\"dce-term dce-term-30\" data-dce-order=\"\"><a href=\"https:\/\/selftherapie.com\/en\/category\/conferences\/\">Conferences<\/a><\/span><\/li><\/ul><\/div><\/div><div class=\"dce-item dce-item_title elementor-repeater-item-1f994e0\"><h3 class=\"dce-post-title\"><a href=\"https:\/\/selftherapie.com\/en\/les-16-17-septembre-a-paris-bessel-van-der-kolk-decode-le-trauma-et-propose-des-cles-pour-guerir\/\" target=\"_blank\">September 16 &amp; 17 in Paris: Bessel van der Kolk decodes trauma and offers keys for healing<\/a><\/h3><\/div><div class=\"dce-item dce-item_content elementor-repeater-item-e7ae4b8\"><div class=\"dce-post-content\">After more than forty years of trauma research, Dr. Bessel van der Kolk comes to Paris to ...<\/div><\/div>\t\t\t<\/div>\n\t\t<\/article>\n\t\t\n\t\t<article class=\"post-8017 post type-post status-publish format-standard has-post-thumbnail hentry category-docs-audio wpbf-post dce-post dce-post-item dce-item-grid\" data-dce-post-id=\"8017\" data-dce-post-index=\"5\" data-post-link=\"https:\/\/selftherapie.com\/en\/podcast-avec-le-dr-le-doze-lintelligence-relationnelle-une-voie-de-transformation-interieure\/\">\n\t\t\t<div class=\"dce-post-block\">\n\t\t<div class=\"dce-item dce-item_image elementor-repeater-item-f99b5ea\"><a class=\"dce-post-image\" href=\"https:\/\/selftherapie.com\/en\/podcast-avec-le-dr-le-doze-lintelligence-relationnelle-une-voie-de-transformation-interieure\/\" target=\"_blank\"><figure  class=\"dce-img\"><img loading=\"lazy\" decoding=\"async\" width=\"300\" height=\"300\" src=\"https:\/\/selftherapie.com\/wp-content\/uploads\/2025\/04\/300x300bb.webp\" class=\"\" alt=\"Podcast avec le Dr Le Doze : L\u2019Intelligence Relationnelle\u00ae, une voie de transformation int\u00e9rieure\" srcset=\"https:\/\/selftherapie.com\/wp-content\/uploads\/2025\/04\/300x300bb.webp 300w, https:\/\/selftherapie.com\/wp-content\/uploads\/2025\/04\/300x300bb-150x150.webp 150w, https:\/\/selftherapie.com\/wp-content\/uploads\/2025\/04\/300x300bb-12x12.webp 12w\" sizes=\"(max-width: 300px) 100vw, 300px\" \/><\/figure><\/a><\/div><div class=\"dce-item dce-item_termstaxonomy elementor-repeater-item-c8840b8\"><div class=\"dce-post-terms\"><ul class=\"dce-terms-list dce-taxonomy-category\"><li class=\"dce-term-item\"><span class=\"dce-term dce-term-34\" data-dce-order=\"\"><a href=\"https:\/\/selftherapie.com\/en\/category\/docs-audio\/\">Audio documents<\/a><\/span><\/li><\/ul><\/div><\/div><div class=\"dce-item dce-item_title elementor-repeater-item-1f994e0\"><h3 class=\"dce-post-title\"><a href=\"https:\/\/selftherapie.com\/en\/podcast-avec-le-dr-le-doze-lintelligence-relationnelle-une-voie-de-transformation-interieure\/\" target=\"_blank\">Podcast with Dr. Le Doze: Relational Intelligence\u00ae, a Path to Inner Transformation<\/a><\/h3><\/div><div class=\"dce-item dce-item_content elementor-repeater-item-e7ae4b8\"><div class=\"dce-post-content\">In this episode, Charles, a psychiatrist, had the great privilege of talking to Dr Fran\u00e7ois...<\/div><\/div>\t\t\t<\/div>\n\t\t<\/article>\n\t\t\n\t\t<article class=\"post-7868 post type-post status-publish format-standard has-post-thumbnail hentry category-articles category-videos wpbf-post dce-post dce-post-item dce-item-grid\" data-dce-post-id=\"7868\" data-dce-post-index=\"6\" data-post-link=\"https:\/\/selftherapie.com\/en\/webinaire-gratuit-de-decouverte-de-lintelligence-relationnelle\/\">\n\t\t\t<div class=\"dce-post-block\">\n\t\t<div class=\"dce-item dce-item_image elementor-repeater-item-f99b5ea\"><a class=\"dce-post-image\" href=\"https:\/\/selftherapie.com\/en\/webinaire-gratuit-de-decouverte-de-lintelligence-relationnelle\/\" target=\"_blank\"><figure  class=\"dce-img\"><img loading=\"lazy\" decoding=\"async\" width=\"724\" height=\"1024\" src=\"https:\/\/selftherapie.com\/wp-content\/uploads\/2022\/11\/flyer-anglais.jpg\" class=\"\" alt=\"Webinaire gratuit de d\u00e9couverte de l&rsquo;Intelligence Relationnelle\u00ae\" srcset=\"https:\/\/selftherapie.com\/wp-content\/uploads\/2022\/11\/flyer-anglais.jpg 1587w, https:\/\/selftherapie.com\/wp-content\/uploads\/2022\/11\/flyer-anglais-212x300.jpg 212w, https:\/\/selftherapie.com\/wp-content\/uploads\/2022\/11\/flyer-anglais-724x1024.jpg 724w, https:\/\/selftherapie.com\/wp-content\/uploads\/2022\/11\/flyer-anglais-768x1086.jpg 768w, https:\/\/selftherapie.com\/wp-content\/uploads\/2022\/11\/flyer-anglais-1086x1536.jpg 1086w, https:\/\/selftherapie.com\/wp-content\/uploads\/2022\/11\/flyer-anglais-1448x2048.jpg 1448w, https:\/\/selftherapie.com\/wp-content\/uploads\/2022\/11\/flyer-anglais-8x12.jpg 8w\" sizes=\"(max-width: 724px) 100vw, 724px\" \/><\/figure><\/a><\/div><div class=\"dce-item dce-item_termstaxonomy elementor-repeater-item-c8840b8\"><div class=\"dce-post-terms\"><ul class=\"dce-terms-list dce-taxonomy-category\"><li class=\"dce-term-item\"><span class=\"dce-term dce-term-28\" data-dce-order=\"\"><a href=\"https:\/\/selftherapie.com\/en\/category\/articles\/\">Posts<\/a><\/span><\/li><li class=\"dce-term-item\"><span class=\"dce-separator\"> | <\/span><span class=\"dce-term dce-term-26\" data-dce-order=\"\"><a href=\"https:\/\/selftherapie.com\/en\/category\/videos\/\">Videos<\/a><\/span><\/li><\/ul><\/div><\/div><div class=\"dce-item dce-item_title elementor-repeater-item-1f994e0\"><h3 class=\"dce-post-title\"><a href=\"https:\/\/selftherapie.com\/en\/webinaire-gratuit-de-decouverte-de-lintelligence-relationnelle\/\" target=\"_blank\">Free introductory webinar on Intelligence Relationnelle\u00ae<\/a><\/h3><\/div><div class=\"dce-item dce-item_content elementor-repeater-item-e7ae4b8\"><div class=\"dce-post-content\">D\u00e9couvrir le mod\u00e8le psychoth\u00e9rapeutique\r\nIntelligence Relationnelle\u00ae\u00a0!\r\nUne m\u00e9thode d\u00e9velopp\u00e9e \u00e0 par&hellip;<\/div><\/div>\t\t\t<\/div>\n\t\t<\/article>\n\t\t\n\t\t<article class=\"post-7835 post type-post status-publish format-standard has-post-thumbnail hentry category-articles category-conferences wpbf-post dce-post dce-post-item dce-item-grid\" data-dce-post-id=\"7835\" data-dce-post-index=\"7\" data-post-link=\"https:\/\/selftherapie.com\/en\/sommet-en-ligne-quantum-way-trauma-attachement-et-resilience-edition-2025\/\">\n\t\t\t<div class=\"dce-post-block\">\n\t\t<div class=\"dce-item dce-item_image elementor-repeater-item-f99b5ea\"><a class=\"dce-post-image\" href=\"https:\/\/selftherapie.com\/en\/sommet-en-ligne-quantum-way-trauma-attachement-et-resilience-edition-2025\/\" target=\"_blank\"><figure  class=\"dce-img\"><img loading=\"lazy\" decoding=\"async\" width=\"1024\" height=\"1024\" src=\"https:\/\/selftherapie.com\/wp-content\/uploads\/2025\/02\/Sommet-Trauma-2025_Visuel-05_1080x1080-1024x1024.jpg\" class=\"\" alt=\"Sommet en ligne \u00ab\u00a0Quantum Way\u00a0\u00bb &#8211; Trauma, attachement et r\u00e9silience &#8211; Edition 2025\" srcset=\"https:\/\/selftherapie.com\/wp-content\/uploads\/2025\/02\/Sommet-Trauma-2025_Visuel-05_1080x1080-1024x1024.jpg 1024w, https:\/\/selftherapie.com\/wp-content\/uploads\/2025\/02\/Sommet-Trauma-2025_Visuel-05_1080x1080-300x300.jpg 300w, https:\/\/selftherapie.com\/wp-content\/uploads\/2025\/02\/Sommet-Trauma-2025_Visuel-05_1080x1080-150x150.jpg 150w, https:\/\/selftherapie.com\/wp-content\/uploads\/2025\/02\/Sommet-Trauma-2025_Visuel-05_1080x1080-768x768.jpg 768w, https:\/\/selftherapie.com\/wp-content\/uploads\/2025\/02\/Sommet-Trauma-2025_Visuel-05_1080x1080-12x12.jpg 12w, https:\/\/selftherapie.com\/wp-content\/uploads\/2025\/02\/Sommet-Trauma-2025_Visuel-05_1080x1080-700x700.jpg 700w, https:\/\/selftherapie.com\/wp-content\/uploads\/2025\/02\/Sommet-Trauma-2025_Visuel-05_1080x1080.jpg 1080w\" sizes=\"(max-width: 1024px) 100vw, 1024px\" \/><\/figure><\/a><\/div><div class=\"dce-item dce-item_termstaxonomy elementor-repeater-item-c8840b8\"><div class=\"dce-post-terms\"><ul class=\"dce-terms-list dce-taxonomy-category\"><li class=\"dce-term-item\"><span class=\"dce-term dce-term-28\" data-dce-order=\"\"><a href=\"https:\/\/selftherapie.com\/en\/category\/articles\/\">Posts<\/a><\/span><\/li><li class=\"dce-term-item\"><span class=\"dce-separator\"> | <\/span><span class=\"dce-term dce-term-30\" data-dce-order=\"\"><a href=\"https:\/\/selftherapie.com\/en\/category\/conferences\/\">Conferences<\/a><\/span><\/li><\/ul><\/div><\/div><div class=\"dce-item dce-item_title elementor-repeater-item-1f994e0\"><h3 class=\"dce-post-title\"><a href=\"https:\/\/selftherapie.com\/en\/sommet-en-ligne-quantum-way-trauma-attachement-et-resilience-edition-2025\/\" target=\"_blank\">Quantum Way Online Summit - Trauma, attachment and resilience - Edition 2025<\/a><\/h3><\/div><div class=\"dce-item dce-item_content elementor-repeater-item-e7ae4b8\"><div class=\"dce-post-content\">As he does every year, Dr. Fran\u00e7ois Le Doze will be giving an online lecture at the...<\/div><\/div>\t\t\t<\/div>\n\t\t<\/article>\n\t\t\n\t\t<article class=\"post-7735 post type-post status-publish format-standard has-post-thumbnail hentry category-conferences wpbf-post dce-post dce-post-item dce-item-grid\" data-dce-post-id=\"7735\" data-dce-post-index=\"8\" data-post-link=\"https:\/\/selftherapie.com\/en\/forum-usabp-therapies-orientees-vers-la-somatique-lembodiment-le-traumatisme-et-les-perspectives-polyvagales\/\">\n\t\t\t<div class=\"dce-post-block\">\n\t\t<div class=\"dce-item dce-item_image elementor-repeater-item-f99b5ea\"><a class=\"dce-post-image\" href=\"https:\/\/selftherapie.com\/en\/forum-usabp-therapies-orientees-vers-la-somatique-lembodiment-le-traumatisme-et-les-perspectives-polyvagales\/\" target=\"_blank\"><figure  class=\"dce-img\"><img loading=\"lazy\" decoding=\"async\" width=\"1024\" height=\"558\" src=\"https:\/\/selftherapie.com\/wp-content\/uploads\/2025\/02\/Capture-decran-2025-02-04-111121-1024x558.png\" class=\"\" alt=\"Sortie du livre sur les th\u00e9rapies somatiques : \u00e9v\u00e9nement en ligne avec les auteurs\" srcset=\"https:\/\/selftherapie.com\/wp-content\/uploads\/2025\/02\/Capture-decran-2025-02-04-111121-1024x558.png 1024w, https:\/\/selftherapie.com\/wp-content\/uploads\/2025\/02\/Capture-decran-2025-02-04-111121-300x164.png 300w, https:\/\/selftherapie.com\/wp-content\/uploads\/2025\/02\/Capture-decran-2025-02-04-111121-768x419.png 768w, https:\/\/selftherapie.com\/wp-content\/uploads\/2025\/02\/Capture-decran-2025-02-04-111121-18x10.png 18w, https:\/\/selftherapie.com\/wp-content\/uploads\/2025\/02\/Capture-decran-2025-02-04-111121.png 1266w\" sizes=\"(max-width: 1024px) 100vw, 1024px\" \/><\/figure><\/a><\/div><div class=\"dce-item dce-item_termstaxonomy elementor-repeater-item-c8840b8\"><div class=\"dce-post-terms\"><ul class=\"dce-terms-list dce-taxonomy-category\"><li class=\"dce-term-item\"><span class=\"dce-term dce-term-30\" data-dce-order=\"\"><a href=\"https:\/\/selftherapie.com\/en\/category\/conferences\/\">Conferences<\/a><\/span><\/li><\/ul><\/div><\/div><div class=\"dce-item dce-item_title elementor-repeater-item-1f994e0\"><h3 class=\"dce-post-title\"><a href=\"https:\/\/selftherapie.com\/en\/forum-usabp-therapies-orientees-vers-la-somatique-lembodiment-le-traumatisme-et-les-perspectives-polyvagales\/\" target=\"_blank\">Release of the Book on Somatic Therapies: Online Event with the Authors<\/a><\/h3><\/div><div class=\"dce-item dce-item_content elementor-repeater-item-e7ae4b8\"><div class=\"dce-post-content\">After introducing you to the recent book \"Somatic-Oriented Therapies: Embodiment, Trauma, and Po...<\/div><\/div>\t\t\t<\/div>\n\t\t<\/article>\n\t\t\n\t\t<article class=\"post-7650 post type-post status-publish format-standard has-post-thumbnail hentry category-articles category-uncategorized category-rencontres category-seminaires wpbf-post dce-post dce-post-item dce-item-grid\" data-dce-post-id=\"7650\" data-dce-post-index=\"9\" data-post-link=\"https:\/\/selftherapie.com\/en\/premiere-presentation-en-anglais-de-lintelligence-relationnelle-en-europe\/\">\n\t\t\t<div class=\"dce-post-block\">\n\t\t<div class=\"dce-item dce-item_image elementor-repeater-item-f99b5ea\"><a class=\"dce-post-image\" href=\"https:\/\/selftherapie.com\/en\/premiere-presentation-en-anglais-de-lintelligence-relationnelle-en-europe\/\" target=\"_blank\"><figure  class=\"dce-img\"><img loading=\"lazy\" decoding=\"async\" width=\"1024\" height=\"665\" src=\"https:\/\/selftherapie.com\/wp-content\/uploads\/2025\/01\/Francois-a-Montreal-1024x665.jpg\" class=\"\" alt=\"Premi\u00e8re pr\u00e9sentation en anglais de l\u2019Intelligence Relationnelle\u00ae en Europe,\" srcset=\"https:\/\/selftherapie.com\/wp-content\/uploads\/2025\/01\/Francois-a-Montreal-1024x665.jpg 1024w, https:\/\/selftherapie.com\/wp-content\/uploads\/2025\/01\/Francois-a-Montreal-300x195.jpg 300w, https:\/\/selftherapie.com\/wp-content\/uploads\/2025\/01\/Francois-a-Montreal-768x499.jpg 768w, https:\/\/selftherapie.com\/wp-content\/uploads\/2025\/01\/Francois-a-Montreal-1536x997.jpg 1536w, https:\/\/selftherapie.com\/wp-content\/uploads\/2025\/01\/Francois-a-Montreal-2048x1330.jpg 2048w, https:\/\/selftherapie.com\/wp-content\/uploads\/2025\/01\/Francois-a-Montreal-18x12.jpg 18w\" sizes=\"(max-width: 1024px) 100vw, 1024px\" \/><\/figure><\/a><\/div><div class=\"dce-item dce-item_termstaxonomy elementor-repeater-item-c8840b8\"><div class=\"dce-post-terms\"><ul class=\"dce-terms-list dce-taxonomy-category\"><li class=\"dce-term-item\"><span class=\"dce-term dce-term-28\" data-dce-order=\"\"><a href=\"https:\/\/selftherapie.com\/en\/category\/articles\/\">Posts<\/a><\/span><\/li><li class=\"dce-term-item\"><span class=\"dce-separator\"> | <\/span><span class=\"dce-term dce-term-1\" data-dce-order=\"\"><a href=\"https:\/\/selftherapie.com\/en\/category\/uncategorized\/\">Miscellaneous<\/a><\/span><\/li><li class=\"dce-term-item\"><span class=\"dce-separator\"> | <\/span><span class=\"dce-term dce-term-27\" data-dce-order=\"\"><a href=\"https:\/\/selftherapie.com\/en\/category\/rencontres\/\">Meetings<\/a><\/span><\/li><li class=\"dce-term-item\"><span class=\"dce-separator\"> | <\/span><span class=\"dce-term dce-term-31\" data-dce-order=\"\"><a href=\"https:\/\/selftherapie.com\/en\/category\/seminaires\/\">Seminars<\/a><\/span><\/li><\/ul><\/div><\/div><div class=\"dce-item dce-item_title elementor-repeater-item-1f994e0\"><h3 class=\"dce-post-title\"><a href=\"https:\/\/selftherapie.com\/en\/premiere-presentation-en-anglais-de-lintelligence-relationnelle-en-europe\/\" target=\"_blank\">The first English-language presentation of Relational Intelligence\u00ae in Europe<\/a><\/h3><\/div><div class=\"dce-item dce-item_content elementor-repeater-item-e7ae4b8\"><div class=\"dce-post-content\">D\u00e9couvrez l'Intelligence Relationnelle\u00ae !\r\nDeux journ\u00e9es d'introduction\r\nParticipez \u00e0 une d\u00e9couverte&hellip;<\/div><\/div>\t\t\t<\/div>\n\t\t<\/article>\n\t\t\n\t\t<article class=\"post-7514 post type-post status-publish format-standard has-post-thumbnail hentry category-articles category-livres wpbf-post dce-post dce-post-item dce-item-grid\" data-dce-post-id=\"7514\" data-dce-post-index=\"10\" data-post-link=\"https:\/\/selftherapie.com\/en\/le-premier-article-academique-presentant-le-modele-intelligence-relationnelle-est-paru\/\">\n\t\t\t<div class=\"dce-post-block\">\n\t\t<div class=\"dce-item dce-item_image elementor-repeater-item-f99b5ea\"><a class=\"dce-post-image\" href=\"https:\/\/selftherapie.com\/en\/le-premier-article-academique-presentant-le-modele-intelligence-relationnelle-est-paru\/\" target=\"_blank\"><figure  class=\"dce-img\"><img loading=\"lazy\" decoding=\"async\" width=\"480\" height=\"480\" src=\"https:\/\/selftherapie.com\/wp-content\/uploads\/2025\/01\/unnamed.jpg\" class=\"\" alt=\"Le premier article acad\u00e9mique pr\u00e9sentant  le mod\u00e8le Intelligence Relationnelle est paru !\" srcset=\"https:\/\/selftherapie.com\/wp-content\/uploads\/2025\/01\/unnamed.jpg 480w, https:\/\/selftherapie.com\/wp-content\/uploads\/2025\/01\/unnamed-300x300.jpg 300w, https:\/\/selftherapie.com\/wp-content\/uploads\/2025\/01\/unnamed-150x150.jpg 150w, https:\/\/selftherapie.com\/wp-content\/uploads\/2025\/01\/unnamed-12x12.jpg 12w, https:\/\/selftherapie.com\/wp-content\/uploads\/2025\/01\/unnamed-400x400.jpg 400w\" sizes=\"(max-width: 480px) 100vw, 480px\" \/><\/figure><\/a><\/div><div class=\"dce-item dce-item_termstaxonomy elementor-repeater-item-c8840b8\"><div class=\"dce-post-terms\"><ul class=\"dce-terms-list dce-taxonomy-category\"><li class=\"dce-term-item\"><span class=\"dce-term dce-term-28\" data-dce-order=\"\"><a href=\"https:\/\/selftherapie.com\/en\/category\/articles\/\">Posts<\/a><\/span><\/li><li class=\"dce-term-item\"><span class=\"dce-separator\"> | <\/span><span class=\"dce-term dce-term-29\" data-dce-order=\"\"><a href=\"https:\/\/selftherapie.com\/en\/category\/livres\/\">Books<\/a><\/span><\/li><\/ul><\/div><\/div><div class=\"dce-item dce-item_title elementor-repeater-item-1f994e0\"><h3 class=\"dce-post-title\"><a href=\"https:\/\/selftherapie.com\/en\/le-premier-article-academique-presentant-le-modele-intelligence-relationnelle-est-paru\/\" target=\"_blank\">The first academic article presenting the Relational Intelligence model has been published!<\/a><\/h3><\/div><div class=\"dce-item dce-item_content elementor-repeater-item-e7ae4b8\"><div class=\"dce-post-content\">Chers amis,\r\n\r\nJ\u2019ai le plaisir de vous annoncer la sortie prochaine d\u2019un livre auquel j\u2019ai eu l\u2019honn&hellip;<\/div><\/div>\t\t\t<\/div>\n\t\t<\/article>\n\t\t\n\t\t<article class=\"post-7400 post type-post status-publish format-standard has-post-thumbnail hentry category-videos wpbf-post dce-post dce-post-item dce-item-grid\" data-dce-post-id=\"7400\" data-dce-post-index=\"11\" data-post-link=\"https:\/\/selftherapie.com\/en\/nouvelle-interview-avec-le-dr-franois-le-doze\/\">\n\t\t\t<div class=\"dce-post-block\">\n\t\t<div class=\"dce-item dce-item_image elementor-repeater-item-f99b5ea\"><a class=\"dce-post-image\" href=\"https:\/\/selftherapie.com\/en\/nouvelle-interview-avec-le-dr-franois-le-doze\/\" target=\"_blank\"><figure  class=\"dce-img\"><img loading=\"lazy\" decoding=\"async\" width=\"1024\" height=\"577\" src=\"https:\/\/selftherapie.com\/wp-content\/uploads\/2024\/10\/Capture-decran-2024-10-24-090651-1024x577.png\" class=\"\" alt=\"Nouvelle interview avec le Dr Fran\u00e7ois Le Doze\" srcset=\"https:\/\/selftherapie.com\/wp-content\/uploads\/2024\/10\/Capture-decran-2024-10-24-090651-1024x577.png 1024w, https:\/\/selftherapie.com\/wp-content\/uploads\/2024\/10\/Capture-decran-2024-10-24-090651-300x169.png 300w, https:\/\/selftherapie.com\/wp-content\/uploads\/2024\/10\/Capture-decran-2024-10-24-090651-768x433.png 768w, https:\/\/selftherapie.com\/wp-content\/uploads\/2024\/10\/Capture-decran-2024-10-24-090651-18x10.png 18w, https:\/\/selftherapie.com\/wp-content\/uploads\/2024\/10\/Capture-decran-2024-10-24-090651.png 1218w\" sizes=\"(max-width: 1024px) 100vw, 1024px\" \/><\/figure><\/a><\/div><div class=\"dce-item dce-item_termstaxonomy elementor-repeater-item-c8840b8\"><div class=\"dce-post-terms\"><ul class=\"dce-terms-list dce-taxonomy-category\"><li class=\"dce-term-item\"><span class=\"dce-term dce-term-26\" data-dce-order=\"\"><a href=\"https:\/\/selftherapie.com\/en\/category\/videos\/\">Videos<\/a><\/span><\/li><\/ul><\/div><\/div><div class=\"dce-item dce-item_title elementor-repeater-item-1f994e0\"><h3 class=\"dce-post-title\"><a href=\"https:\/\/selftherapie.com\/en\/nouvelle-interview-avec-le-dr-franois-le-doze\/\" target=\"_blank\">New interview with Dr Fran\u00e7ois Le Doze<\/a><\/h3><\/div><div class=\"dce-item dce-item_content elementor-repeater-item-e7ae4b8\"><div class=\"dce-post-content\">We invite you to watch a new video interview on Dr Steeve Chee's channel...\r\n\r...<\/div><\/div>\t\t\t<\/div>\n\t\t<\/article>\n\t\t\n\t\t<article class=\"post-7145 post type-post status-publish format-standard has-post-thumbnail hentry category-articles wpbf-post dce-post dce-post-item dce-item-grid\" data-dce-post-id=\"7145\" data-dce-post-index=\"12\" data-post-link=\"https:\/\/selftherapie.com\/en\/une-these-a-propos-du-modele-intelligence-relationnelle\/\">\n\t\t\t<div class=\"dce-post-block\">\n\t\t<div class=\"dce-item dce-item_image elementor-repeater-item-f99b5ea\"><a class=\"dce-post-image\" href=\"https:\/\/selftherapie.com\/en\/une-these-a-propos-du-modele-intelligence-relationnelle\/\" target=\"_blank\"><figure  class=\"dce-img\"><img loading=\"lazy\" decoding=\"async\" width=\"591\" height=\"823\" src=\"https:\/\/selftherapie.com\/wp-content\/uploads\/2024\/10\/Capture-decran-2024-10-04-153224.png\" class=\"\" alt=\"Une th\u00e8se \u00e0 propos du mod\u00e8le Intelligence Relationnelle\u00ae\" srcset=\"https:\/\/selftherapie.com\/wp-content\/uploads\/2024\/10\/Capture-decran-2024-10-04-153224.png 591w, https:\/\/selftherapie.com\/wp-content\/uploads\/2024\/10\/Capture-decran-2024-10-04-153224-215x300.png 215w, https:\/\/selftherapie.com\/wp-content\/uploads\/2024\/10\/Capture-decran-2024-10-04-153224-9x12.png 9w\" sizes=\"(max-width: 591px) 100vw, 591px\" \/><\/figure><\/a><\/div><div class=\"dce-item dce-item_termstaxonomy elementor-repeater-item-c8840b8\"><div class=\"dce-post-terms\"><ul class=\"dce-terms-list dce-taxonomy-category\"><li class=\"dce-term-item\"><span class=\"dce-term dce-term-28\" data-dce-order=\"\"><a href=\"https:\/\/selftherapie.com\/en\/category\/articles\/\">Posts<\/a><\/span><\/li><\/ul><\/div><\/div><div class=\"dce-item dce-item_title elementor-repeater-item-1f994e0\"><h3 class=\"dce-post-title\"><a href=\"https:\/\/selftherapie.com\/en\/une-these-a-propos-du-modele-intelligence-relationnelle\/\" target=\"_blank\">A thesis on the Relational Intelligence\u00ae model<\/a><\/h3><\/div><div class=\"dce-item dce-item_content elementor-repeater-item-e7ae4b8\"><div class=\"dce-post-content\">A psychology thesis has recently been published on the Relational Intelligence\u00ae model.\r\n\r\nIts ...<\/div><\/div>\t\t\t<\/div>\n\t\t<\/article>\n\t\t\n\t\t<article class=\"post-5777 post type-post status-publish format-standard has-post-thumbnail hentry category-articles category-docs-audio category-videos wpbf-post dce-post dce-post-item dce-item-grid\" data-dce-post-id=\"5777\" data-dce-post-index=\"13\" data-post-link=\"https:\/\/selftherapie.com\/en\/the-one-inside-suite-quelques-images-de-linterview-du-dr-francois-le-doze-par-tammy-sollenberger\/\">\n\t\t\t<div class=\"dce-post-block\">\n\t\t<div class=\"dce-item dce-item_image elementor-repeater-item-f99b5ea\"><a class=\"dce-post-image\" href=\"https:\/\/selftherapie.com\/en\/the-one-inside-suite-quelques-images-de-linterview-du-dr-francois-le-doze-par-tammy-sollenberger\/\" target=\"_blank\"><figure  class=\"dce-img\"><img loading=\"lazy\" decoding=\"async\" width=\"990\" height=\"689\" src=\"https:\/\/selftherapie.com\/wp-content\/uploads\/2024\/03\/2024-03-18_10h36_01.png\" class=\"\" alt=\"The one inside&#8230; suite ! Quelques images de l&rsquo;interview du Dr. Fran\u00e7ois Le Doze par Tammy Sollenberger\" srcset=\"https:\/\/selftherapie.com\/wp-content\/uploads\/2024\/03\/2024-03-18_10h36_01.png 990w, https:\/\/selftherapie.com\/wp-content\/uploads\/2024\/03\/2024-03-18_10h36_01-300x209.png 300w, https:\/\/selftherapie.com\/wp-content\/uploads\/2024\/03\/2024-03-18_10h36_01-768x534.png 768w, https:\/\/selftherapie.com\/wp-content\/uploads\/2024\/03\/2024-03-18_10h36_01-18x12.png 18w\" sizes=\"(max-width: 990px) 100vw, 990px\" \/><\/figure><\/a><\/div><div class=\"dce-item dce-item_termstaxonomy elementor-repeater-item-c8840b8\"><div class=\"dce-post-terms\"><ul class=\"dce-terms-list dce-taxonomy-category\"><li class=\"dce-term-item\"><span class=\"dce-term dce-term-28\" data-dce-order=\"\"><a href=\"https:\/\/selftherapie.com\/en\/category\/articles\/\">Posts<\/a><\/span><\/li><li class=\"dce-term-item\"><span class=\"dce-separator\"> | <\/span><span class=\"dce-term dce-term-34\" data-dce-order=\"\"><a href=\"https:\/\/selftherapie.com\/en\/category\/docs-audio\/\">Audio documents<\/a><\/span><\/li><li class=\"dce-term-item\"><span class=\"dce-separator\"> | <\/span><span class=\"dce-term dce-term-26\" data-dce-order=\"\"><a href=\"https:\/\/selftherapie.com\/en\/category\/videos\/\">Videos<\/a><\/span><\/li><\/ul><\/div><\/div><div class=\"dce-item dce-item_title elementor-repeater-item-1f994e0\"><h3 class=\"dce-post-title\"><a href=\"https:\/\/selftherapie.com\/en\/the-one-inside-suite-quelques-images-de-linterview-du-dr-francois-le-doze-par-tammy-sollenberger\/\" target=\"_blank\">The one inside... continued! Some images from Tammy Sollenberger's interview with Dr. Fran\u00e7ois Le Doze<\/a><\/h3><\/div><div class=\"dce-item dce-item_content elementor-repeater-item-e7ae4b8\"><div class=\"dce-post-content\">Following on from our previous article presenting the podcast given by Dr. Fran\u00e7ois L...<\/div><\/div>\t\t\t<\/div>\n\t\t<\/article>\n\t\t\n\t\t<article class=\"post-5756 post type-post status-publish format-standard has-post-thumbnail hentry category-articles category-docs-audio wpbf-post dce-post dce-post-item dce-item-grid\" data-dce-post-id=\"5756\" data-dce-post-index=\"14\" data-post-link=\"https:\/\/selftherapie.com\/en\/nouveau-podcast-avec-francois-le-doze\/\">\n\t\t\t<div class=\"dce-post-block\">\n\t\t<div class=\"dce-item dce-item_image elementor-repeater-item-f99b5ea\"><a class=\"dce-post-image\" href=\"https:\/\/selftherapie.com\/en\/nouveau-podcast-avec-francois-le-doze\/\" target=\"_blank\"><figure  class=\"dce-img\"><img loading=\"lazy\" decoding=\"async\" width=\"990\" height=\"689\" src=\"https:\/\/selftherapie.com\/wp-content\/uploads\/2024\/03\/2024-03-18_10h36_01.png\" class=\"\" alt=\"Nouveau podcast avec Fran\u00e7ois Le Doze.\" srcset=\"https:\/\/selftherapie.com\/wp-content\/uploads\/2024\/03\/2024-03-18_10h36_01.png 990w, https:\/\/selftherapie.com\/wp-content\/uploads\/2024\/03\/2024-03-18_10h36_01-300x209.png 300w, https:\/\/selftherapie.com\/wp-content\/uploads\/2024\/03\/2024-03-18_10h36_01-768x534.png 768w, https:\/\/selftherapie.com\/wp-content\/uploads\/2024\/03\/2024-03-18_10h36_01-18x12.png 18w\" sizes=\"(max-width: 990px) 100vw, 990px\" \/><\/figure><\/a><\/div><div class=\"dce-item dce-item_termstaxonomy elementor-repeater-item-c8840b8\"><div class=\"dce-post-terms\"><ul class=\"dce-terms-list dce-taxonomy-category\"><li class=\"dce-term-item\"><span class=\"dce-term dce-term-28\" data-dce-order=\"\"><a href=\"https:\/\/selftherapie.com\/en\/category\/articles\/\">Posts<\/a><\/span><\/li><li class=\"dce-term-item\"><span class=\"dce-separator\"> | <\/span><span class=\"dce-term dce-term-34\" data-dce-order=\"\"><a href=\"https:\/\/selftherapie.com\/en\/category\/docs-audio\/\">Audio documents<\/a><\/span><\/li><\/ul><\/div><\/div><div class=\"dce-item dce-item_title elementor-repeater-item-1f994e0\"><h3 class=\"dce-post-title\"><a href=\"https:\/\/selftherapie.com\/en\/nouveau-podcast-avec-francois-le-doze\/\" target=\"_blank\">New podcast with Fran\u00e7ois Le Doze.<\/a><\/h3><\/div><div class=\"dce-item dce-item_content elementor-repeater-item-e7ae4b8\"><div class=\"dce-post-content\">On today's episode I chat with Dr. Fran\u00e7ois Le Doze. He is a psychotherapist, an IFS therapist, and ...<\/div><\/div>\t\t\t<\/div>\n\t\t<\/article>\n\t\t\n\t\t<article class=\"post-5745 post type-post status-publish format-standard has-post-thumbnail hentry category-articles category-conferences wpbf-post dce-post dce-post-item dce-item-grid\" data-dce-post-id=\"5745\" data-dce-post-index=\"15\" data-post-link=\"https:\/\/selftherapie.com\/en\/sommet-en-ligne-quantum-way-trauma-attachement-et-resilience-edition-2024\/\">\n\t\t\t<div class=\"dce-post-block\">\n\t\t<div class=\"dce-item dce-item_image elementor-repeater-item-f99b5ea\"><a class=\"dce-post-image\" href=\"https:\/\/selftherapie.com\/en\/sommet-en-ligne-quantum-way-trauma-attachement-et-resilience-edition-2024\/\" target=\"_blank\"><figure  class=\"dce-img\"><img loading=\"lazy\" decoding=\"async\" width=\"760\" height=\"420\" src=\"https:\/\/selftherapie.com\/wp-content\/uploads\/2024\/03\/Sommet-Trauma-2024_Visuel-10_760x420.jpg\" class=\"\" alt=\"Sommet en ligne \u00ab\u00a0Quantum Way\u00a0\u00bb &#8211; Trauma, attachement et r\u00e9silience &#8211; Edition 2024\" srcset=\"https:\/\/selftherapie.com\/wp-content\/uploads\/2024\/03\/Sommet-Trauma-2024_Visuel-10_760x420.jpg 760w, https:\/\/selftherapie.com\/wp-content\/uploads\/2024\/03\/Sommet-Trauma-2024_Visuel-10_760x420-300x166.jpg 300w, https:\/\/selftherapie.com\/wp-content\/uploads\/2024\/03\/Sommet-Trauma-2024_Visuel-10_760x420-18x10.jpg 18w\" sizes=\"(max-width: 760px) 100vw, 760px\" \/><\/figure><\/a><\/div><div class=\"dce-item dce-item_termstaxonomy elementor-repeater-item-c8840b8\"><div class=\"dce-post-terms\"><ul class=\"dce-terms-list dce-taxonomy-category\"><li class=\"dce-term-item\"><span class=\"dce-term dce-term-28\" data-dce-order=\"\"><a href=\"https:\/\/selftherapie.com\/en\/category\/articles\/\">Posts<\/a><\/span><\/li><li class=\"dce-term-item\"><span class=\"dce-separator\"> | <\/span><span class=\"dce-term dce-term-30\" data-dce-order=\"\"><a href=\"https:\/\/selftherapie.com\/en\/category\/conferences\/\">Conferences<\/a><\/span><\/li><\/ul><\/div><\/div><div class=\"dce-item dce-item_title elementor-repeater-item-1f994e0\"><h3 class=\"dce-post-title\"><a href=\"https:\/\/selftherapie.com\/en\/sommet-en-ligne-quantum-way-trauma-attachement-et-resilience-edition-2024\/\" target=\"_blank\">Quantum Way Online Summit - Trauma, attachment and resilience - Edition 2024<\/a><\/h3><\/div><div class=\"dce-item dce-item_content elementor-repeater-item-e7ae4b8\"><div class=\"dce-post-content\">As he does every year, Dr. Fran\u00e7ois Le Doze will be giving an online lecture at the...<\/div><\/div>\t\t\t<\/div>\n\t\t<\/article>\n\t\t\n\t\t<article class=\"post-5478 post type-post status-publish format-standard has-post-thumbnail hentry category-conferences category-uncategorized wpbf-post dce-post dce-post-item dce-item-grid\" data-dce-post-id=\"5478\" data-dce-post-index=\"16\" data-post-link=\"https:\/\/selftherapie.com\/en\/atelier-propose-par-francois-le-doze-donne-dans-le-reseau-evryman\/\">\n\t\t\t<div class=\"dce-post-block\">\n\t\t<div class=\"dce-item dce-item_image elementor-repeater-item-f99b5ea\"><a class=\"dce-post-image\" href=\"https:\/\/selftherapie.com\/en\/atelier-propose-par-francois-le-doze-donne-dans-le-reseau-evryman\/\" target=\"_blank\"><figure  class=\"dce-img\"><img loading=\"lazy\" decoding=\"async\" width=\"545\" height=\"364\" src=\"https:\/\/selftherapie.com\/wp-content\/uploads\/2023\/11\/Capture-decran-2023-11-21-121555.png\" class=\"\" alt=\"Atelier propos\u00e9 par Fran\u00e7ois LE DOZE,  donn\u00e9 dans le r\u00e9seau EVRYMAN. Conf\u00e9rence en anglais \/ Conference in English\" srcset=\"https:\/\/selftherapie.com\/wp-content\/uploads\/2023\/11\/Capture-decran-2023-11-21-121555.png 545w, https:\/\/selftherapie.com\/wp-content\/uploads\/2023\/11\/Capture-decran-2023-11-21-121555-300x200.png 300w, https:\/\/selftherapie.com\/wp-content\/uploads\/2023\/11\/Capture-decran-2023-11-21-121555-18x12.png 18w\" sizes=\"(max-width: 545px) 100vw, 545px\" \/><\/figure><\/a><\/div><div class=\"dce-item dce-item_termstaxonomy elementor-repeater-item-c8840b8\"><div class=\"dce-post-terms\"><ul class=\"dce-terms-list dce-taxonomy-category\"><li class=\"dce-term-item\"><span class=\"dce-term dce-term-30\" data-dce-order=\"\"><a href=\"https:\/\/selftherapie.com\/en\/category\/conferences\/\">Conferences<\/a><\/span><\/li><li class=\"dce-term-item\"><span class=\"dce-separator\"> | <\/span><span class=\"dce-term dce-term-1\" data-dce-order=\"\"><a href=\"https:\/\/selftherapie.com\/en\/category\/uncategorized\/\">Miscellaneous<\/a><\/span><\/li><\/ul><\/div><\/div><div class=\"dce-item dce-item_title elementor-repeater-item-1f994e0\"><h3 class=\"dce-post-title\"><a href=\"https:\/\/selftherapie.com\/en\/atelier-propose-par-francois-le-doze-donne-dans-le-reseau-evryman\/\" target=\"_blank\">Workshop proposed by Fran\u00e7ois LE DOZE, given as part of the EVRYMAN network. Conference in English<\/a><\/h3><\/div><div class=\"dce-item dce-item_content elementor-repeater-item-e7ae4b8\"><div class=\"dce-post-content\">For people who identify with the male gender,\r\nhere's an ad for a workshop offered by...<\/div><\/div>\t\t\t<\/div>\n\t\t<\/article>\n\t\t\n\t\t<article class=\"post-4996 post type-post status-publish format-standard has-post-thumbnail hentry category-articles category-videos wpbf-post dce-post dce-post-item dce-item-grid\" data-dce-post-id=\"4996\" data-dce-post-index=\"17\" data-post-link=\"https:\/\/selftherapie.com\/en\/interview-du-dr-francois-le-doze-la-theorie-polyvagale-appliquee\/\">\n\t\t\t<div class=\"dce-post-block\">\n\t\t<div class=\"dce-item dce-item_image elementor-repeater-item-f99b5ea\"><a class=\"dce-post-image\" href=\"https:\/\/selftherapie.com\/en\/interview-du-dr-francois-le-doze-la-theorie-polyvagale-appliquee\/\" target=\"_blank\"><figure  class=\"dce-img\"><img loading=\"lazy\" decoding=\"async\" width=\"1024\" height=\"514\" src=\"https:\/\/selftherapie.com\/wp-content\/uploads\/2023\/09\/2023-09-18_11h32_08-1024x514.png\" class=\"\" alt=\"Interview du Dr Fran\u00e7ois Le Doze : la th\u00e9orie polyvagale appliqu\u00e9e&#8230;\" srcset=\"https:\/\/selftherapie.com\/wp-content\/uploads\/2023\/09\/2023-09-18_11h32_08-1024x514.png 1024w, https:\/\/selftherapie.com\/wp-content\/uploads\/2023\/09\/2023-09-18_11h32_08-300x150.png 300w, https:\/\/selftherapie.com\/wp-content\/uploads\/2023\/09\/2023-09-18_11h32_08-768x385.png 768w, https:\/\/selftherapie.com\/wp-content\/uploads\/2023\/09\/2023-09-18_11h32_08-18x9.png 18w, https:\/\/selftherapie.com\/wp-content\/uploads\/2023\/09\/2023-09-18_11h32_08.png 1346w\" sizes=\"(max-width: 1024px) 100vw, 1024px\" \/><\/figure><\/a><\/div><div class=\"dce-item dce-item_termstaxonomy elementor-repeater-item-c8840b8\"><div class=\"dce-post-terms\"><ul class=\"dce-terms-list dce-taxonomy-category\"><li class=\"dce-term-item\"><span class=\"dce-term dce-term-28\" data-dce-order=\"\"><a href=\"https:\/\/selftherapie.com\/en\/category\/articles\/\">Posts<\/a><\/span><\/li><li class=\"dce-term-item\"><span class=\"dce-separator\"> | <\/span><span class=\"dce-term dce-term-26\" data-dce-order=\"\"><a href=\"https:\/\/selftherapie.com\/en\/category\/videos\/\">Videos<\/a><\/span><\/li><\/ul><\/div><\/div><div class=\"dce-item dce-item_title elementor-repeater-item-1f994e0\"><h3 class=\"dce-post-title\"><a href=\"https:\/\/selftherapie.com\/en\/interview-du-dr-francois-le-doze-la-theorie-polyvagale-appliquee\/\" target=\"_blank\">Interview with Dr Fran\u00e7ois Le Doze: polyvagal theory applied...<\/a><\/h3><\/div><div class=\"dce-item dce-item_content elementor-repeater-item-e7ae4b8\"><div class=\"dce-post-content\">In this article, we share with you the interview with Dr Le Doze, proposed by Sandra Bor\u00e9 (EfferveSc...<\/div><\/div>\t\t\t<\/div>\n\t\t<\/article>\n\t\t\n\t\t<article class=\"post-4854 post type-post status-publish format-standard has-post-thumbnail hentry category-conferences wpbf-post dce-post dce-post-item dce-item-grid\" data-dce-post-id=\"4854\" data-dce-post-index=\"18\" data-post-link=\"https:\/\/selftherapie.com\/en\/masterclass-du-dr-francois-le-doze-le-15-juin-2023\/\">\n\t\t\t<div class=\"dce-post-block\">\n\t\t<div class=\"dce-item dce-item_image elementor-repeater-item-f99b5ea\"><a class=\"dce-post-image\" href=\"https:\/\/selftherapie.com\/en\/masterclass-du-dr-francois-le-doze-le-15-juin-2023\/\" target=\"_blank\"><figure  class=\"dce-img\"><img loading=\"lazy\" decoding=\"async\" width=\"1024\" height=\"1024\" src=\"https:\/\/selftherapie.com\/wp-content\/uploads\/2023\/05\/14-mars-19h-Francois-Le-Doze-1024x1024.jpg\" class=\"\" alt=\"Masterclass du Dr. Fran\u00e7ois Le Doze le 15 juin 2023\" srcset=\"https:\/\/selftherapie.com\/wp-content\/uploads\/2023\/05\/14-mars-19h-Francois-Le-Doze-1024x1024.jpg 1024w, https:\/\/selftherapie.com\/wp-content\/uploads\/2023\/05\/14-mars-19h-Francois-Le-Doze-300x300.jpg 300w, https:\/\/selftherapie.com\/wp-content\/uploads\/2023\/05\/14-mars-19h-Francois-Le-Doze-150x150.jpg 150w, https:\/\/selftherapie.com\/wp-content\/uploads\/2023\/05\/14-mars-19h-Francois-Le-Doze-768x768.jpg 768w, https:\/\/selftherapie.com\/wp-content\/uploads\/2023\/05\/14-mars-19h-Francois-Le-Doze-12x12.jpg 12w, https:\/\/selftherapie.com\/wp-content\/uploads\/2023\/05\/14-mars-19h-Francois-Le-Doze-700x700.jpg 700w, https:\/\/selftherapie.com\/wp-content\/uploads\/2023\/05\/14-mars-19h-Francois-Le-Doze.jpg 1080w\" sizes=\"(max-width: 1024px) 100vw, 1024px\" \/><\/figure><\/a><\/div><div class=\"dce-item dce-item_termstaxonomy elementor-repeater-item-c8840b8\"><div class=\"dce-post-terms\"><ul class=\"dce-terms-list dce-taxonomy-category\"><li class=\"dce-term-item\"><span class=\"dce-term dce-term-30\" data-dce-order=\"\"><a href=\"https:\/\/selftherapie.com\/en\/category\/conferences\/\">Conferences<\/a><\/span><\/li><\/ul><\/div><\/div><div class=\"dce-item dce-item_title elementor-repeater-item-1f994e0\"><h3 class=\"dce-post-title\"><a href=\"https:\/\/selftherapie.com\/en\/masterclass-du-dr-francois-le-doze-le-15-juin-2023\/\" target=\"_blank\">Masterclass by Dr. Fran\u00e7ois Le Doze on June 15, 2023<\/a><\/h3><\/div><div class=\"dce-item dce-item_content elementor-repeater-item-e7ae4b8\"><div class=\"dce-post-content\">Hello everyone,\r\n\r\nFollowing on from the Online Summit organized by Quantum Way last March, the...<\/div><\/div>\t\t\t<\/div>\n\t\t<\/article>\n\t\t\n\t\t<article class=\"post-4684 post type-post status-publish format-standard has-post-thumbnail hentry category-uncategorized wpbf-post dce-post dce-post-item dce-item-grid\" data-dce-post-id=\"4684\" data-dce-post-index=\"19\" data-post-link=\"https:\/\/selftherapie.com\/en\/sommet-en-ligne-quantum-way-trauma-attachement-et-resilience-edition-2023\/\">\n\t\t\t<div class=\"dce-post-block\">\n\t\t<div class=\"dce-item dce-item_image elementor-repeater-item-f99b5ea\"><a class=\"dce-post-image\" href=\"https:\/\/selftherapie.com\/en\/sommet-en-ligne-quantum-way-trauma-attachement-et-resilience-edition-2023\/\" target=\"_blank\"><figure  class=\"dce-img\"><img loading=\"lazy\" decoding=\"async\" width=\"1024\" height=\"341\" src=\"https:\/\/selftherapie.com\/wp-content\/uploads\/2023\/03\/Newsletter-FR-Mains-sommet-en-lig-1024x341.png\" class=\"\" alt=\"Sommet en ligne \u00ab\u00a0Quantum Way\u00a0\u00bb &#8211; Trauma, attachement et r\u00e9silience &#8211; Edition 2023\" srcset=\"https:\/\/selftherapie.com\/wp-content\/uploads\/2023\/03\/Newsletter-FR-Mains-sommet-en-lig-1024x341.png 1024w, https:\/\/selftherapie.com\/wp-content\/uploads\/2023\/03\/Newsletter-FR-Mains-sommet-en-lig-300x100.png 300w, https:\/\/selftherapie.com\/wp-content\/uploads\/2023\/03\/Newsletter-FR-Mains-sommet-en-lig-768x256.png 768w, https:\/\/selftherapie.com\/wp-content\/uploads\/2023\/03\/Newsletter-FR-Mains-sommet-en-lig-18x6.png 18w, https:\/\/selftherapie.com\/wp-content\/uploads\/2023\/03\/Newsletter-FR-Mains-sommet-en-lig.png 1200w\" sizes=\"(max-width: 1024px) 100vw, 1024px\" \/><\/figure><\/a><\/div><div class=\"dce-item dce-item_termstaxonomy elementor-repeater-item-c8840b8\"><div class=\"dce-post-terms\"><ul class=\"dce-terms-list dce-taxonomy-category\"><li class=\"dce-term-item\"><span class=\"dce-term dce-term-1\" data-dce-order=\"\"><a href=\"https:\/\/selftherapie.com\/en\/category\/uncategorized\/\">Miscellaneous<\/a><\/span><\/li><\/ul><\/div><\/div><div class=\"dce-item dce-item_title elementor-repeater-item-1f994e0\"><h3 class=\"dce-post-title\"><a href=\"https:\/\/selftherapie.com\/en\/sommet-en-ligne-quantum-way-trauma-attachement-et-resilience-edition-2023\/\" target=\"_blank\">Quantum Way Online Summit - Trauma, attachment and resilience - Edition 2023<\/a><\/h3><\/div><div class=\"dce-item dce-item_content elementor-repeater-item-e7ae4b8\"><div class=\"dce-post-content\">Dr. Fran\u00e7ois Le Doze will be speaking again this year at an online conference lo...<\/div><\/div>\t\t\t<\/div>\n\t\t<\/article>\n\t\t\n\t\t<article class=\"post-4483 post type-post status-publish format-standard has-post-thumbnail hentry category-conseils-de-lecture wpbf-post dce-post dce-post-item dce-item-grid\" data-dce-post-id=\"4483\" data-dce-post-index=\"20\" data-post-link=\"https:\/\/selftherapie.com\/en\/decouvrez-cet-article-interessant-qui-met-en-relation-lintelligence-relationnelle-et-la-spiritualite-chretienne\/\">\n\t\t\t<div class=\"dce-post-block\">\n\t\t<div class=\"dce-item dce-item_image elementor-repeater-item-f99b5ea\"><a class=\"dce-post-image\" href=\"https:\/\/selftherapie.com\/en\/decouvrez-cet-article-interessant-qui-met-en-relation-lintelligence-relationnelle-et-la-spiritualite-chretienne\/\" target=\"_blank\"><figure  class=\"dce-img\"><img loading=\"lazy\" decoding=\"async\" width=\"609\" height=\"788\" src=\"https:\/\/selftherapie.com\/wp-content\/uploads\/2022\/12\/2022-12-20_15h21_41.png\" class=\"\" alt=\"D\u00e9couvrez cet article int\u00e9ressant qui met en relation l&rsquo;Intelligence relationnelle et la spiritualit\u00e9 chr\u00e9tienne.\" srcset=\"https:\/\/selftherapie.com\/wp-content\/uploads\/2022\/12\/2022-12-20_15h21_41.png 609w, https:\/\/selftherapie.com\/wp-content\/uploads\/2022\/12\/2022-12-20_15h21_41-232x300.png 232w, https:\/\/selftherapie.com\/wp-content\/uploads\/2022\/12\/2022-12-20_15h21_41-9x12.png 9w\" sizes=\"(max-width: 609px) 100vw, 609px\" \/><\/figure><\/a><\/div><div class=\"dce-item dce-item_termstaxonomy elementor-repeater-item-c8840b8\"><div class=\"dce-post-terms\"><ul class=\"dce-terms-list dce-taxonomy-category\"><li class=\"dce-term-item\"><span class=\"dce-term dce-term-32\" data-dce-order=\"\"><a href=\"https:\/\/selftherapie.com\/en\/category\/conseils-de-lecture\/\">Reading tips<\/a><\/span><\/li><\/ul><\/div><\/div><div class=\"dce-item dce-item_title elementor-repeater-item-1f994e0\"><h3 class=\"dce-post-title\"><a href=\"https:\/\/selftherapie.com\/en\/decouvrez-cet-article-interessant-qui-met-en-relation-lintelligence-relationnelle-et-la-spiritualite-chretienne\/\" target=\"_blank\">Discover this interesting article linking Relational Intelligence and Christian spirituality.<\/a><\/h3><\/div><div class=\"dce-item dce-item_content elementor-repeater-item-e7ae4b8\"><div class=\"dce-post-content\">Ways to prepare for Christmas in a context of crisis in the church...\r\n\r\n\r\n\r\nAn interview with...<\/div><\/div>\t\t\t<\/div>\n\t\t<\/article>\n\t\t\n\t\t<article class=\"post-4256 post type-post status-publish format-standard has-post-thumbnail hentry category-conferences wpbf-post dce-post dce-post-item dce-item-grid\" data-dce-post-id=\"4256\" data-dce-post-index=\"21\" data-post-link=\"https:\/\/selftherapie.com\/en\/lintelligence-relationnelle-ou-comment-guerir-les-blessures-du-passe-conference-en-ligne-avec-le-dr-francois-le-doze-le-26-otcobre-2022-de-18h-a-20h\/\">\n\t\t\t<div class=\"dce-post-block\">\n\t\t<div class=\"dce-item dce-item_image elementor-repeater-item-f99b5ea\"><a class=\"dce-post-image\" href=\"https:\/\/selftherapie.com\/en\/lintelligence-relationnelle-ou-comment-guerir-les-blessures-du-passe-conference-en-ligne-avec-le-dr-francois-le-doze-le-26-otcobre-2022-de-18h-a-20h\/\" target=\"_blank\"><figure  class=\"dce-img\"><img loading=\"lazy\" decoding=\"async\" width=\"1024\" height=\"1024\" src=\"https:\/\/selftherapie.com\/wp-content\/uploads\/2022\/10\/FranA\u0303\u00a7ois-Le-Doze-26-10-1024x1024.jpg\" class=\"\" alt=\"L&rsquo;Intelligence Relationnelle\u00ae ou comment gu\u00e9rir les blessures du pass\u00e9. Conf\u00e9rence en ligne avec le Dr Fran\u00e7ois Le Doze le 26 otcobre 2022 de 18h \u00e0 20h\" srcset=\"https:\/\/selftherapie.com\/wp-content\/uploads\/2022\/10\/FranA\u0303\u00a7ois-Le-Doze-26-10-1024x1024.jpg 1024w, https:\/\/selftherapie.com\/wp-content\/uploads\/2022\/10\/FranA\u0303\u00a7ois-Le-Doze-26-10-300x300.jpg 300w, https:\/\/selftherapie.com\/wp-content\/uploads\/2022\/10\/FranA\u0303\u00a7ois-Le-Doze-26-10-150x150.jpg 150w, https:\/\/selftherapie.com\/wp-content\/uploads\/2022\/10\/FranA\u0303\u00a7ois-Le-Doze-26-10-768x768.jpg 768w, https:\/\/selftherapie.com\/wp-content\/uploads\/2022\/10\/FranA\u0303\u00a7ois-Le-Doze-26-10-1536x1536.jpg 1536w, https:\/\/selftherapie.com\/wp-content\/uploads\/2022\/10\/FranA\u0303\u00a7ois-Le-Doze-26-10-2048x2048.jpg 2048w, https:\/\/selftherapie.com\/wp-content\/uploads\/2022\/10\/FranA\u0303\u00a7ois-Le-Doze-26-10-12x12.jpg 12w, https:\/\/selftherapie.com\/wp-content\/uploads\/2022\/10\/FranA\u0303\u00a7ois-Le-Doze-26-10-700x700.jpg 700w\" sizes=\"(max-width: 1024px) 100vw, 1024px\" \/><\/figure><\/a><\/div><div class=\"dce-item dce-item_termstaxonomy elementor-repeater-item-c8840b8\"><div class=\"dce-post-terms\"><ul class=\"dce-terms-list dce-taxonomy-category\"><li class=\"dce-term-item\"><span class=\"dce-term dce-term-30\" data-dce-order=\"\"><a href=\"https:\/\/selftherapie.com\/en\/category\/conferences\/\">Conferences<\/a><\/span><\/li><\/ul><\/div><\/div><div class=\"dce-item dce-item_title elementor-repeater-item-1f994e0\"><h3 class=\"dce-post-title\"><a href=\"https:\/\/selftherapie.com\/en\/lintelligence-relationnelle-ou-comment-guerir-les-blessures-du-passe-conference-en-ligne-avec-le-dr-francois-le-doze-le-26-otcobre-2022-de-18h-a-20h\/\" target=\"_blank\">Relational Intelligence\u00ae or how to heal the wounds of the past. Online conference with Dr Fran\u00e7ois Le Doze on October 26, 2022 from 6 to 8 p.m.<\/a><\/h3><\/div><div class=\"dce-item dce-item_content elementor-repeater-item-e7ae4b8\"><div class=\"dce-post-content\">Dr Fran\u00e7ois Le Doze will give an online conference in partnership with \"CoCreate Humanity\", on ...<\/div><\/div>\t\t\t<\/div>\n\t\t<\/article>\n\t\t\n\t\t<article class=\"post-4242 post type-post status-publish format-standard has-post-thumbnail hentry category-uncategorized wpbf-post dce-post dce-post-item dce-item-grid\" data-dce-post-id=\"4242\" data-dce-post-index=\"22\" data-post-link=\"https:\/\/selftherapie.com\/en\/conference-en-visio-live-avec-le-dr-francois-le-doze-et-pierre-portevin\/\">\n\t\t\t<div class=\"dce-post-block\">\n\t\t<div class=\"dce-item dce-item_image elementor-repeater-item-f99b5ea\"><a class=\"dce-post-image\" href=\"https:\/\/selftherapie.com\/en\/conference-en-visio-live-avec-le-dr-francois-le-doze-et-pierre-portevin\/\" target=\"_blank\"><figure  class=\"dce-img\"><img loading=\"lazy\" decoding=\"async\" width=\"663\" height=\"1024\" src=\"https:\/\/selftherapie.com\/wp-content\/uploads\/2022\/10\/Adobe_Express_20221010_1520140_1-663x1024.png\" class=\"\" alt=\"Conference en visio live avec le Dr Fran\u00e7ois Le Doze et Pierre Portevin\" srcset=\"https:\/\/selftherapie.com\/wp-content\/uploads\/2022\/10\/Adobe_Express_20221010_1520140_1-663x1024.png 663w, https:\/\/selftherapie.com\/wp-content\/uploads\/2022\/10\/Adobe_Express_20221010_1520140_1-194x300.png 194w, https:\/\/selftherapie.com\/wp-content\/uploads\/2022\/10\/Adobe_Express_20221010_1520140_1-768x1187.png 768w, https:\/\/selftherapie.com\/wp-content\/uploads\/2022\/10\/Adobe_Express_20221010_1520140_1-994x1536.png 994w, https:\/\/selftherapie.com\/wp-content\/uploads\/2022\/10\/Adobe_Express_20221010_1520140_1-1325x2048.png 1325w, https:\/\/selftherapie.com\/wp-content\/uploads\/2022\/10\/Adobe_Express_20221010_1520140_1-8x12.png 8w\" sizes=\"(max-width: 663px) 100vw, 663px\" \/><\/figure><\/a><\/div><div class=\"dce-item dce-item_termstaxonomy elementor-repeater-item-c8840b8\"><div class=\"dce-post-terms\"><ul class=\"dce-terms-list dce-taxonomy-category\"><li class=\"dce-term-item\"><span class=\"dce-term dce-term-1\" data-dce-order=\"\"><a href=\"https:\/\/selftherapie.com\/en\/category\/uncategorized\/\">Miscellaneous<\/a><\/span><\/li><\/ul><\/div><\/div><div class=\"dce-item dce-item_title elementor-repeater-item-1f994e0\"><h3 class=\"dce-post-title\"><a href=\"https:\/\/selftherapie.com\/en\/conference-en-visio-live-avec-le-dr-francois-le-doze-et-pierre-portevin\/\" target=\"_blank\">Live video conference with Dr Fran\u00e7ois Le Doze and Pierre Portevin<\/a><\/h3><\/div><div class=\"dce-item dce-item_content elementor-repeater-item-e7ae4b8\"><div class=\"dce-post-content\">Dr Fran\u00e7ois Le Doze will soon be speaking about the \"Relational Intelligence\" model...<\/div><\/div>\t\t\t<\/div>\n\t\t<\/article>\n\t\t\n\t\t<article class=\"post-3866 post type-post status-publish format-standard has-post-thumbnail hentry category-conferences wpbf-post dce-post dce-post-item dce-item-grid\" data-dce-post-id=\"3866\" data-dce-post-index=\"23\" data-post-link=\"https:\/\/selftherapie.com\/en\/intervention-du-dr-francois-le-doze-le-21-avril-a-11h-au-sommet-en-ligne-quantum-way\/\">\n\t\t\t<div class=\"dce-post-block\">\n\t\t<div class=\"dce-item dce-item_image elementor-repeater-item-f99b5ea\"><a class=\"dce-post-image\" href=\"https:\/\/selftherapie.com\/en\/intervention-du-dr-francois-le-doze-le-21-avril-a-11h-au-sommet-en-ligne-quantum-way\/\" target=\"_blank\"><figure  class=\"dce-img\"><img loading=\"lazy\" decoding=\"async\" width=\"1024\" height=\"1024\" src=\"https:\/\/selftherapie.com\/wp-content\/uploads\/2022\/04\/Franc\u0327ois-Le-Doze17-1024x1024.jpg\" class=\"\" alt=\"Intervention du Dr Fran\u00e7ois Le Doze le 21 Avril \u00e0 11h au sommet en ligne Quantum Way\" srcset=\"https:\/\/selftherapie.com\/wp-content\/uploads\/2022\/04\/Franc\u0327ois-Le-Doze17-1024x1024.jpg 1024w, https:\/\/selftherapie.com\/wp-content\/uploads\/2022\/04\/Franc\u0327ois-Le-Doze17-300x300.jpg 300w, https:\/\/selftherapie.com\/wp-content\/uploads\/2022\/04\/Franc\u0327ois-Le-Doze17-150x150.jpg 150w, https:\/\/selftherapie.com\/wp-content\/uploads\/2022\/04\/Franc\u0327ois-Le-Doze17-768x768.jpg 768w, https:\/\/selftherapie.com\/wp-content\/uploads\/2022\/04\/Franc\u0327ois-Le-Doze17-12x12.jpg 12w, https:\/\/selftherapie.com\/wp-content\/uploads\/2022\/04\/Franc\u0327ois-Le-Doze17-700x700.jpg 700w, https:\/\/selftherapie.com\/wp-content\/uploads\/2022\/04\/Franc\u0327ois-Le-Doze17.jpg 1080w\" sizes=\"(max-width: 1024px) 100vw, 1024px\" \/><\/figure><\/a><\/div><div class=\"dce-item dce-item_termstaxonomy elementor-repeater-item-c8840b8\"><div class=\"dce-post-terms\"><ul class=\"dce-terms-list dce-taxonomy-category\"><li class=\"dce-term-item\"><span class=\"dce-term dce-term-30\" data-dce-order=\"\"><a href=\"https:\/\/selftherapie.com\/en\/category\/conferences\/\">Conferences<\/a><\/span><\/li><\/ul><\/div><\/div><div class=\"dce-item dce-item_title elementor-repeater-item-1f994e0\"><h3 class=\"dce-post-title\"><a href=\"https:\/\/selftherapie.com\/en\/intervention-du-dr-francois-le-doze-le-21-avril-a-11h-au-sommet-en-ligne-quantum-way\/\" target=\"_blank\">Dr Fran\u00e7ois Le Doze to speak at the Quantum Way online summit on April 21 at 11 a.m.<\/a><\/h3><\/div><div class=\"dce-item dce-item_content elementor-repeater-item-e7ae4b8\"><div class=\"dce-post-content\">The \"Quantum Way\" online summit is just around the corner...\r\n\r\nThis bilingual French-English summit, starting...<\/div><\/div>\t\t\t<\/div>\n\t\t<\/article>\n\t\t\n\t\t<article class=\"post-3818 post type-post status-publish format-standard has-post-thumbnail hentry category-conferences wpbf-post dce-post dce-post-item dce-item-grid\" data-dce-post-id=\"3818\" data-dce-post-index=\"24\" data-post-link=\"https:\/\/selftherapie.com\/en\/sommet-en-ligne-trauma-attachement-resilience2\/\">\n\t\t\t<div class=\"dce-post-block\">\n\t\t<div class=\"dce-item dce-item_image elementor-repeater-item-f99b5ea\"><a class=\"dce-post-image\" href=\"https:\/\/selftherapie.com\/en\/sommet-en-ligne-trauma-attachement-resilience2\/\" target=\"_blank\"><figure  class=\"dce-img\"><img loading=\"lazy\" decoding=\"async\" width=\"1024\" height=\"503\" src=\"https:\/\/selftherapie.com\/wp-content\/uploads\/2022\/03\/2022-03-18_14h30_46-1024x503.png\" class=\"\" alt=\"SOMMET EN LIGNE &#8211; TRAUMA ATTACHEMENT &#038; RESILIENCE &#8211;  FRANCOIS LE DOZE INVITE DE QUANTUM WAY\" srcset=\"https:\/\/selftherapie.com\/wp-content\/uploads\/2022\/03\/2022-03-18_14h30_46-1024x503.png 1024w, https:\/\/selftherapie.com\/wp-content\/uploads\/2022\/03\/2022-03-18_14h30_46-300x147.png 300w, https:\/\/selftherapie.com\/wp-content\/uploads\/2022\/03\/2022-03-18_14h30_46-768x377.png 768w, https:\/\/selftherapie.com\/wp-content\/uploads\/2022\/03\/2022-03-18_14h30_46-18x9.png 18w, https:\/\/selftherapie.com\/wp-content\/uploads\/2022\/03\/2022-03-18_14h30_46.png 1223w\" sizes=\"(max-width: 1024px) 100vw, 1024px\" \/><\/figure><\/a><\/div><div class=\"dce-item dce-item_termstaxonomy elementor-repeater-item-c8840b8\"><div class=\"dce-post-terms\"><ul class=\"dce-terms-list dce-taxonomy-category\"><li class=\"dce-term-item\"><span class=\"dce-term dce-term-30\" data-dce-order=\"\"><a href=\"https:\/\/selftherapie.com\/en\/category\/conferences\/\">Conferences<\/a><\/span><\/li><\/ul><\/div><\/div><div class=\"dce-item dce-item_title elementor-repeater-item-1f994e0\"><h3 class=\"dce-post-title\"><a href=\"https:\/\/selftherapie.com\/en\/sommet-en-ligne-trauma-attachement-resilience2\/\" target=\"_blank\">ONLINE SUMMIT - TRAUMA ATTACHMENT &amp; RESILIENCE - FRANCOIS LE DOZE INVITED BY QUANTUM WAY<\/a><\/h3><\/div><div class=\"dce-item dce-item_content elementor-repeater-item-e7ae4b8\"><div class=\"dce-post-content\">Like last year, Quantum Way is organizing a bilingual French-English online summit from April 18 to 24....<\/div><\/div>\t\t\t<\/div>\n\t\t<\/article>\n\t\t\n\t\t<article class=\"post-3645 post type-post status-publish format-standard has-post-thumbnail hentry category-conferences wpbf-post dce-post dce-post-item dce-item-grid\" data-dce-post-id=\"3645\" data-dce-post-index=\"25\" data-post-link=\"https:\/\/selftherapie.com\/en\/inscrivez-vous-gratuitement-au-sommet-soigner-ses-blessures-du-24-au-29-janvier-2022\/\">\n\t\t\t<div class=\"dce-post-block\">\n\t\t<div class=\"dce-item dce-item_image elementor-repeater-item-f99b5ea\"><a class=\"dce-post-image\" href=\"https:\/\/selftherapie.com\/en\/inscrivez-vous-gratuitement-au-sommet-soigner-ses-blessures-du-24-au-29-janvier-2022\/\" target=\"_blank\"><figure  class=\"dce-img\"><img loading=\"lazy\" decoding=\"async\" width=\"1024\" height=\"576\" src=\"https:\/\/selftherapie.com\/wp-content\/uploads\/2022\/01\/1-1024x576.png\" class=\"\" alt=\"INSCRIVEZ-VOUS GRATUITEMENT AU SOMMET : \u00ab\u00a0SOIGNER SES BLESSURES\u00a0\u00bb du 24 au 29 janvier 2022\" srcset=\"https:\/\/selftherapie.com\/wp-content\/uploads\/2022\/01\/1-1024x576.png 1024w, https:\/\/selftherapie.com\/wp-content\/uploads\/2022\/01\/1-300x169.png 300w, https:\/\/selftherapie.com\/wp-content\/uploads\/2022\/01\/1-768x432.png 768w, https:\/\/selftherapie.com\/wp-content\/uploads\/2022\/01\/1-18x10.png 18w, https:\/\/selftherapie.com\/wp-content\/uploads\/2022\/01\/1.png 1280w\" sizes=\"(max-width: 1024px) 100vw, 1024px\" \/><\/figure><\/a><\/div><div class=\"dce-item dce-item_termstaxonomy elementor-repeater-item-c8840b8\"><div class=\"dce-post-terms\"><ul class=\"dce-terms-list dce-taxonomy-category\"><li class=\"dce-term-item\"><span class=\"dce-term dce-term-30\" data-dce-order=\"\"><a href=\"https:\/\/selftherapie.com\/en\/category\/conferences\/\">Conferences<\/a><\/span><\/li><\/ul><\/div><\/div><div class=\"dce-item dce-item_title elementor-repeater-item-1f994e0\"><h3 class=\"dce-post-title\"><a href=\"https:\/\/selftherapie.com\/en\/inscrivez-vous-gratuitement-au-sommet-soigner-ses-blessures-du-24-au-29-janvier-2022\/\" target=\"_blank\">REGISTER FREE OF CHARGE FOR THE SUMMIT: \u00abCARE FOR YOUR INJURIES\u00bb January 24-29, 2022<\/a><\/h3><\/div><div class=\"dce-item dce-item_content elementor-repeater-item-e7ae4b8\"><div class=\"dce-post-content\">I'm delighted to be taking part in the exceptional \"healing wounds\" summit taking place from 24 to 29...<\/div><\/div>\t\t\t<\/div>\n\t\t<\/article>\n\t\t\n\t\t<article class=\"post-3586 post type-post status-publish format-standard has-post-thumbnail hentry category-articles wpbf-post dce-post dce-post-item dce-item-grid\" data-dce-post-id=\"3586\" data-dce-post-index=\"26\" data-post-link=\"https:\/\/selftherapie.com\/en\/le-dr-le-doze-est-signataire-de-la-tribune-contre-la-violence-educative\/\">\n\t\t\t<div class=\"dce-post-block\">\n\t\t<div class=\"dce-item dce-item_image elementor-repeater-item-f99b5ea\"><a class=\"dce-post-image\" href=\"https:\/\/selftherapie.com\/en\/le-dr-le-doze-est-signataire-de-la-tribune-contre-la-violence-educative\/\" target=\"_blank\"><figure  class=\"dce-img\"><img loading=\"lazy\" decoding=\"async\" width=\"960\" height=\"647\" src=\"https:\/\/selftherapie.com\/wp-content\/uploads\/2021\/11\/violent-4259802_960_720.jpg\" class=\"\" alt=\"Le Dr Le Doze est signataire de la tribune contre la violence \u00e9ducative.\" srcset=\"https:\/\/selftherapie.com\/wp-content\/uploads\/2021\/11\/violent-4259802_960_720.jpg 960w, https:\/\/selftherapie.com\/wp-content\/uploads\/2021\/11\/violent-4259802_960_720-300x202.jpg 300w, https:\/\/selftherapie.com\/wp-content\/uploads\/2021\/11\/violent-4259802_960_720-768x518.jpg 768w, https:\/\/selftherapie.com\/wp-content\/uploads\/2021\/11\/violent-4259802_960_720-18x12.jpg 18w\" sizes=\"(max-width: 960px) 100vw, 960px\" \/><\/figure><\/a><\/div><div class=\"dce-item dce-item_termstaxonomy elementor-repeater-item-c8840b8\"><div class=\"dce-post-terms\"><ul class=\"dce-terms-list dce-taxonomy-category\"><li class=\"dce-term-item\"><span class=\"dce-term dce-term-28\" data-dce-order=\"\"><a href=\"https:\/\/selftherapie.com\/en\/category\/articles\/\">Posts<\/a><\/span><\/li><\/ul><\/div><\/div><div class=\"dce-item dce-item_title elementor-repeater-item-1f994e0\"><h3 class=\"dce-post-title\"><a href=\"https:\/\/selftherapie.com\/en\/le-dr-le-doze-est-signataire-de-la-tribune-contre-la-violence-educative\/\" target=\"_blank\">Dr Le Doze is a signatory of the tribune against educational violence.<\/a><\/h3><\/div><div class=\"dce-item dce-item_content elementor-repeater-item-e7ae4b8\"><div class=\"dce-post-content\">\"There is an urgent need for an information campaign on educational violence, its nature and effects...<\/div><\/div>\t\t\t<\/div>\n\t\t<\/article>\n\t\t\n\t\t<article class=\"post-3235 post type-post status-publish format-standard has-post-thumbnail hentry category-conferences wpbf-post dce-post dce-post-item dce-item-grid\" data-dce-post-id=\"3235\" data-dce-post-index=\"27\" data-post-link=\"https:\/\/selftherapie.com\/en\/congres-douance-2021\/\">\n\t\t\t<div class=\"dce-post-block\">\n\t\t<div class=\"dce-item dce-item_image elementor-repeater-item-f99b5ea\"><a class=\"dce-post-image\" href=\"https:\/\/selftherapie.com\/en\/congres-douance-2021\/\" target=\"_blank\"><figure  class=\"dce-img\"><img loading=\"lazy\" decoding=\"async\" width=\"1024\" height=\"576\" src=\"https:\/\/selftherapie.com\/wp-content\/uploads\/2021\/09\/CD2021_Generique_Format_Rectangle-1024x576.png\" class=\"\" alt=\"Congr\u00e8s \u00ab\u00a0Douance\u00a0\u00bb 2021\" srcset=\"https:\/\/selftherapie.com\/wp-content\/uploads\/2021\/09\/CD2021_Generique_Format_Rectangle-1024x576.png 1024w, https:\/\/selftherapie.com\/wp-content\/uploads\/2021\/09\/CD2021_Generique_Format_Rectangle-300x169.png 300w, https:\/\/selftherapie.com\/wp-content\/uploads\/2021\/09\/CD2021_Generique_Format_Rectangle-768x432.png 768w, https:\/\/selftherapie.com\/wp-content\/uploads\/2021\/09\/CD2021_Generique_Format_Rectangle-18x10.png 18w, https:\/\/selftherapie.com\/wp-content\/uploads\/2021\/09\/CD2021_Generique_Format_Rectangle.png 1280w\" sizes=\"(max-width: 1024px) 100vw, 1024px\" \/><\/figure><\/a><\/div><div class=\"dce-item dce-item_termstaxonomy elementor-repeater-item-c8840b8\"><div class=\"dce-post-terms\"><ul class=\"dce-terms-list dce-taxonomy-category\"><li class=\"dce-term-item\"><span class=\"dce-term dce-term-30\" data-dce-order=\"\"><a href=\"https:\/\/selftherapie.com\/en\/category\/conferences\/\">Conferences<\/a><\/span><\/li><\/ul><\/div><\/div><div class=\"dce-item dce-item_title elementor-repeater-item-1f994e0\"><h3 class=\"dce-post-title\"><a href=\"https:\/\/selftherapie.com\/en\/congres-douance-2021\/\" target=\"_blank\">Douance\u00ab Congress 2021<\/a><\/h3><\/div><div class=\"dce-item dce-item_content elementor-repeater-item-e7ae4b8\"><div class=\"dce-post-content\">The Web Congr\u00e8s Douance is: 10 days of daily conferences, 16 themes, a gala evening...<\/div><\/div>\t\t\t<\/div>\n\t\t<\/article>\n\t\t\n\t\t<article class=\"post-3223 post type-post status-publish format-standard has-post-thumbnail hentry category-videos wpbf-post dce-post dce-post-item dce-item-grid\" data-dce-post-id=\"3223\" data-dce-post-index=\"28\" data-post-link=\"https:\/\/selftherapie.com\/en\/conference-organisee-par-lassociation-lenfance-libre-la-dissociation\/\">\n\t\t\t<div class=\"dce-post-block\">\n\t\t<div class=\"dce-item dce-item_image elementor-repeater-item-f99b5ea\"><a class=\"dce-post-image\" href=\"https:\/\/selftherapie.com\/en\/conference-organisee-par-lassociation-lenfance-libre-la-dissociation\/\" target=\"_blank\"><figure  class=\"dce-img\"><img loading=\"lazy\" decoding=\"async\" width=\"1024\" height=\"516\" src=\"https:\/\/selftherapie.com\/wp-content\/uploads\/2021\/09\/2021-09-15_10h36_44-1024x516.png\" class=\"\" alt=\"Conf\u00e9rence organis\u00e9e par l&rsquo;association \u00ab\u00a0L&rsquo;enfance libre\u00a0\u00bb : LA DISSOCIATION\" srcset=\"https:\/\/selftherapie.com\/wp-content\/uploads\/2021\/09\/2021-09-15_10h36_44-1024x516.png 1024w, https:\/\/selftherapie.com\/wp-content\/uploads\/2021\/09\/2021-09-15_10h36_44-300x151.png 300w, https:\/\/selftherapie.com\/wp-content\/uploads\/2021\/09\/2021-09-15_10h36_44-768x387.png 768w, https:\/\/selftherapie.com\/wp-content\/uploads\/2021\/09\/2021-09-15_10h36_44-18x9.png 18w, https:\/\/selftherapie.com\/wp-content\/uploads\/2021\/09\/2021-09-15_10h36_44.png 1481w\" sizes=\"(max-width: 1024px) 100vw, 1024px\" \/><\/figure><\/a><\/div><div class=\"dce-item dce-item_termstaxonomy elementor-repeater-item-c8840b8\"><div class=\"dce-post-terms\"><ul class=\"dce-terms-list dce-taxonomy-category\"><li class=\"dce-term-item\"><span class=\"dce-term dce-term-26\" data-dce-order=\"\"><a href=\"https:\/\/selftherapie.com\/en\/category\/videos\/\">Videos<\/a><\/span><\/li><\/ul><\/div><\/div><div class=\"dce-item dce-item_title elementor-repeater-item-1f994e0\"><h3 class=\"dce-post-title\"><a href=\"https:\/\/selftherapie.com\/en\/conference-organisee-par-lassociation-lenfance-libre-la-dissociation\/\" target=\"_blank\">Conference organized by the \u00abL'enfance libre\u00bb association: DISSOCIATION<\/a><\/h3><\/div><div class=\"dce-item dce-item_content elementor-repeater-item-e7ae4b8\"><div class=\"dce-post-content\">I had the pleasure of being invited to speak at a conference on Thursday September 9...<\/div><\/div>\t\t\t<\/div>\n\t\t<\/article>\n\t\t\n\t\t<article class=\"post-3210 post type-post status-publish format-standard has-post-thumbnail hentry category-videos wpbf-post dce-post dce-post-item dce-item-grid\" data-dce-post-id=\"3210\" data-dce-post-index=\"29\" data-post-link=\"https:\/\/selftherapie.com\/en\/masterclass-en-ligne-animee-par-le-dr-francois-le-doze-le-8-octobre-prochain-organisee-par-ifs-canada\/\">\n\t\t\t<div class=\"dce-post-block\">\n\t\t<div class=\"dce-item dce-item_image elementor-repeater-item-f99b5ea\"><a class=\"dce-post-image\" href=\"https:\/\/selftherapie.com\/en\/masterclass-en-ligne-animee-par-le-dr-francois-le-doze-le-8-octobre-prochain-organisee-par-ifs-canada\/\" target=\"_blank\"><figure  class=\"dce-img\"><img loading=\"lazy\" decoding=\"async\" width=\"1024\" height=\"575\" src=\"https:\/\/selftherapie.com\/wp-content\/uploads\/2021\/09\/2021-09-13_10h50_48-1024x575.png\" class=\"\" alt=\"Masterclass en ligne anim\u00e9e par le Dr Fran\u00e7ois Le Doze le 8 octobre prochain, organis\u00e9e par IFS CANADA\" srcset=\"https:\/\/selftherapie.com\/wp-content\/uploads\/2021\/09\/2021-09-13_10h50_48-1024x575.png 1024w, https:\/\/selftherapie.com\/wp-content\/uploads\/2021\/09\/2021-09-13_10h50_48-300x169.png 300w, https:\/\/selftherapie.com\/wp-content\/uploads\/2021\/09\/2021-09-13_10h50_48-768x431.png 768w, https:\/\/selftherapie.com\/wp-content\/uploads\/2021\/09\/2021-09-13_10h50_48-18x10.png 18w, https:\/\/selftherapie.com\/wp-content\/uploads\/2021\/09\/2021-09-13_10h50_48.png 1148w\" sizes=\"(max-width: 1024px) 100vw, 1024px\" \/><\/figure><\/a><\/div><div class=\"dce-item dce-item_termstaxonomy elementor-repeater-item-c8840b8\"><div class=\"dce-post-terms\"><ul class=\"dce-terms-list dce-taxonomy-category\"><li class=\"dce-term-item\"><span class=\"dce-term dce-term-26\" data-dce-order=\"\"><a href=\"https:\/\/selftherapie.com\/en\/category\/videos\/\">Videos<\/a><\/span><\/li><\/ul><\/div><\/div><div class=\"dce-item dce-item_title elementor-repeater-item-1f994e0\"><h3 class=\"dce-post-title\"><a href=\"https:\/\/selftherapie.com\/en\/masterclass-en-ligne-animee-par-le-dr-francois-le-doze-le-8-octobre-prochain-organisee-par-ifs-canada\/\" target=\"_blank\">Online Masterclass with Dr Fran\u00e7ois Le Doze on october 8th<\/a><\/h3><\/div><div class=\"dce-item dce-item_content elementor-repeater-item-e7ae4b8\"><div class=\"dce-post-content\">At the invitation of Derek Scott, I'm delighted to be giving my first English-language masterclass ...<\/div><\/div>\t\t\t<\/div>\n\t\t<\/article>\n\t\t\t\t\t<\/div>\n\t\t\t\t\t<\/div>\n\t\t\t\t\t\t<\/div>\n\t\t\t\t<\/div>\n\t\t\t\t\t<\/div>\n\t\t<\/div>\n\t\t\t\t\t<\/div>\n\t\t<\/section>\n\t\t\t\t<\/div>","protected":false},"excerpt":{"rendered":"<p>Les derni\u00e8res Actualit\u00e9s \u00e0 propos de STF Articles | Rencontres | S\u00e9minaires | Uncategorized Premi\u00e8re pr\u00e9sentation en anglais de l\u2019Intelligence Relationnelle\u00ae en Europe, D\u00e9couvrez l&rsquo;Intelligence Relationnelle\u00ae ! Deux journ\u00e9es d&rsquo;introduction Participez \u00e0 une d\u00e9couverte&hellip; Articles | Livres Le premier article acad\u00e9mique pr\u00e9sentant le mod\u00e8le Intelligence Relationnelle est paru ! Chers amis, J\u2019ai le plaisir de [&hellip;]<\/p>\n","protected":false},"author":1,"featured_media":0,"parent":0,"menu_order":0,"comment_status":"closed","ping_status":"closed","template":"","meta":{"_acf_changed":false,"footnotes":""},"class_list":["post-8","page","type-page","status-publish","hentry","wpbf-post"],"acf":[],"_links":{"self":[{"href":"https:\/\/selftherapie.com\/en\/wp-json\/wp\/v2\/pages\/8","targetHints":{"allow":["GET"]}}],"collection":[{"href":"https:\/\/selftherapie.com\/en\/wp-json\/wp\/v2\/pages"}],"about":[{"href":"https:\/\/selftherapie.com\/en\/wp-json\/wp\/v2\/types\/page"}],"author":[{"embeddable":true,"href":"https:\/\/selftherapie.com\/en\/wp-json\/wp\/v2\/users\/1"}],"replies":[{"embeddable":true,"href":"https:\/\/selftherapie.com\/en\/wp-json\/wp\/v2\/comments?post=8"}],"version-history":[{"count":6,"href":"https:\/\/selftherapie.com\/en\/wp-json\/wp\/v2\/pages\/8\/revisions"}],"predecessor-version":[{"id":7702,"href":"https:\/\/selftherapie.com\/en\/wp-json\/wp\/v2\/pages\/8\/revisions\/7702"}],"wp:attachment":[{"href":"https:\/\/selftherapie.com\/en\/wp-json\/wp\/v2\/media?parent=8"}],"curies":[{"name":"wp","href":"https:\/\/api.w.org\/{rel}","templated":true}]}}