{"id":9821,"date":"2026-04-29T09:53:18","date_gmt":"2026-04-29T09:53:18","guid":{"rendered":"https:\/\/selftherapie.com\/lestherapeutes\/christian-krumb\/"},"modified":"2026-04-29T09:53:19","modified_gmt":"2026-04-29T09:53:19","slug":"christian-krumb-tg99","status":"publish","type":"lestherapeutes","link":"https:\/\/selftherapie.com\/en\/lestherapeutes\/christian-krumb-tg99\/","title":{"rendered":"Christian KRUMB"},"content":{"rendered":"<p>Je suis form\u00e9 \u00e0 l&rsquo;IR, \u00e0 l&rsquo;IFS et \u00e0 la Gestalt-th\u00e9rapie. Ainsi qu\u2019\u00e0 la th\u00e9rapie par le mouvement, m\u00e9thode qui permet de d\u00e9velopper \u00e0 la fois des ressources et d\u2019ouvrir un espace de transformation et de gu\u00e9rison qui passe par le corps. J&rsquo;accompagne tout public, en individuel et groupe, mais aussi les couples, \u00e0 Paris, \u00e0 mon cabinet et aussi \u00e0 distance, par Zoom. Je re\u00e7ois \u00e9galement \u00e0 Bordeaux centre (quartier Fondaud\u00e8ge), et en Normandie (St Pierre sur Dives)<\/p>","protected":false},"excerpt":{"rendered":"<p>Je suis form\u00e9 \u00e0 l&rsquo;IR, \u00e0 l&rsquo;IFS et \u00e0 la Gestalt-th\u00e9rapie. Ainsi qu\u2019\u00e0 la th\u00e9rapie par le mouvement, m\u00e9thode qui permet de d\u00e9velopper \u00e0 la fois des ressources et d\u2019ouvrir un espace de transformation et de gu\u00e9rison qui passe par le corps. J&rsquo;accompagne tout public, en individuel et groupe, mais aussi les couples, \u00e0 Paris, [&hellip;]<\/p>\n","protected":false},"featured_media":0,"template":"","meta":{"_acf_changed":false},"statut_stf":[177],"seances_multilingues":[],"disponibilite":[126],"profession":[127],"competences_supplementaires":[],"consultation_a_distance":[],"class_list":["post-9821","lestherapeutes","type-lestherapeutes","status-publish","hentry","statut_stf-therapeute-ir-en-parcours-senior","disponibilite-autre-disponibilite","profession-psychopracticienne","wpbf-post"],"acf":[],"_links":{"self":[{"href":"https:\/\/selftherapie.com\/en\/wp-json\/wp\/v2\/lestherapeutes\/9821","targetHints":{"allow":["GET"]}}],"collection":[{"href":"https:\/\/selftherapie.com\/en\/wp-json\/wp\/v2\/lestherapeutes"}],"about":[{"href":"https:\/\/selftherapie.com\/en\/wp-json\/wp\/v2\/types\/lestherapeutes"}],"wp:attachment":[{"href":"https:\/\/selftherapie.com\/en\/wp-json\/wp\/v2\/media?parent=9821"}],"wp:term":[{"taxonomy":"statut_stf","embeddable":true,"href":"https:\/\/selftherapie.com\/en\/wp-json\/wp\/v2\/statut_stf?post=9821"},{"taxonomy":"seances_multilingues","embeddable":true,"href":"https:\/\/selftherapie.com\/en\/wp-json\/wp\/v2\/seances_multilingues?post=9821"},{"taxonomy":"disponibilite","embeddable":true,"href":"https:\/\/selftherapie.com\/en\/wp-json\/wp\/v2\/disponibilite?post=9821"},{"taxonomy":"profession","embeddable":true,"href":"https:\/\/selftherapie.com\/en\/wp-json\/wp\/v2\/profession?post=9821"},{"taxonomy":"competences_supplementaires","embeddable":true,"href":"https:\/\/selftherapie.com\/en\/wp-json\/wp\/v2\/competences_supplementaires?post=9821"},{"taxonomy":"consultation_a_distance","embeddable":true,"href":"https:\/\/selftherapie.com\/en\/wp-json\/wp\/v2\/consultation_a_distance?post=9821"}],"curies":[{"name":"wp","href":"https:\/\/api.w.org\/{rel}","templated":true}]}}