{"id":9603,"date":"2026-04-29T09:53:19","date_gmt":"2026-04-29T09:53:19","guid":{"rendered":"https:\/\/selftherapie.com\/lestherapeutes\/robert-bouchard\/"},"modified":"2026-04-29T09:53:19","modified_gmt":"2026-04-29T09:53:19","slug":"robert-bouchard-tg122","status":"publish","type":"lestherapeutes","link":"https:\/\/selftherapie.com\/en\/lestherapeutes\/robert-bouchard-tg122\/","title":{"rendered":"Robert BOUCHARD"},"content":{"rendered":"<p><span lang=\"FR\">Robert Bouchard\u00a0<\/span><span lang=\"FR\">est formateur et m\u00e9diateur certifi\u00e9 ainsi que certificateur du Centre international pour la Communication NonViolente, membre <\/span>du Barreau du Qu\u00e9bec depuis 1978 et de l\u2019International Coach\u00a0<a>Federation<\/a>\u00a0<span lang=\"FR\">. Son parcours \u00e9clectique (des \u00e9tudes en musique, en droit, en communication et en management ainsi qu\u2019une exp\u00e9rience comme avocat, juge<\/span><a title=\" href=\" name=\"_ftnref1\"><span lang=\"FR\"><span lang=\"FR\">[1]<\/span><\/span><\/a><span lang=\"FR\">, homme d\u2019affaires et coach) l\u2019a conduit \u00e0 s\u2019int\u00e9resser \u00e0 l\u2019impact des leaders. Passionn\u00e9 par la communication, le climat de travail et la qualit\u00e9 de vie dans les milieux organisationnels, il intervient\u00a0dans des organisations tant publiques que priv\u00e9es \u00e0 titre de formateur, de conf\u00e9rencier et d\u2019intervenant\u00a0<\/span>en consolidation d\u2019\u00e9quipes et r\u00e9solution de conflits<span lang=\"FR\">. Il s\u2019est r\u00e9cemment form\u00e9 en France \u00e0 la m\u00e9thode de l\u2019Intelligence relationnelle\u00ae aupr\u00e8s du Dr Fran\u00e7ois Ledoze. Robert Bouchard est pr\u00e9sident et cofondateur du Groupe Conscientia, entreprise-conseil en communication.<\/span><\/p>\n<div>\n<hr align=\"left\" width=\"33%\" \/>\n<div id=\"ftn1\"><a title=\" href=\" name=\"_ftn1\">[1]<\/a>\u00a0Il a \u00e9t\u00e9 membre au Tribunal canadien des relations professionnelles artistes-producteurs de 1994 \u00e0 2001.<\/div>\n<\/div>\n<div style=\"color:#000000\">\n<hr align=\"left\" width=\"33%\" \/>\n<div>\n<div id=\"_com_1\" class=\"msocomtxt\"><\/div>\n<\/div>\n<\/div>\n","protected":false},"excerpt":{"rendered":"<p>Robert Bouchard\u00a0est formateur et m\u00e9diateur certifi\u00e9 ainsi que certificateur du Centre international pour la Communication NonViolente, membre du Barreau du Qu\u00e9bec depuis 1978 et de l\u2019International Coach\u00a0Federation\u00a0. Son parcours \u00e9clectique (des \u00e9tudes en musique, en droit, en communication et en management ainsi qu\u2019une exp\u00e9rience comme avocat, juge[1], homme d\u2019affaires et coach) l\u2019a conduit \u00e0 s\u2019int\u00e9resser [&hellip;]<\/p>\n","protected":false},"featured_media":0,"template":"","meta":{"_acf_changed":false},"statut_stf":[167],"seances_multilingues":[],"disponibilite":[126],"profession":[],"competences_supplementaires":[],"consultation_a_distance":[],"class_list":["post-9603","lestherapeutes","type-lestherapeutes","status-publish","hentry","statut_stf-accompagnants-et-therapeutes-formes-au-canada","disponibilite-autre-disponibilite","wpbf-post"],"acf":[],"_links":{"self":[{"href":"https:\/\/selftherapie.com\/en\/wp-json\/wp\/v2\/lestherapeutes\/9603","targetHints":{"allow":["GET"]}}],"collection":[{"href":"https:\/\/selftherapie.com\/en\/wp-json\/wp\/v2\/lestherapeutes"}],"about":[{"href":"https:\/\/selftherapie.com\/en\/wp-json\/wp\/v2\/types\/lestherapeutes"}],"wp:attachment":[{"href":"https:\/\/selftherapie.com\/en\/wp-json\/wp\/v2\/media?parent=9603"}],"wp:term":[{"taxonomy":"statut_stf","embeddable":true,"href":"https:\/\/selftherapie.com\/en\/wp-json\/wp\/v2\/statut_stf?post=9603"},{"taxonomy":"seances_multilingues","embeddable":true,"href":"https:\/\/selftherapie.com\/en\/wp-json\/wp\/v2\/seances_multilingues?post=9603"},{"taxonomy":"disponibilite","embeddable":true,"href":"https:\/\/selftherapie.com\/en\/wp-json\/wp\/v2\/disponibilite?post=9603"},{"taxonomy":"profession","embeddable":true,"href":"https:\/\/selftherapie.com\/en\/wp-json\/wp\/v2\/profession?post=9603"},{"taxonomy":"competences_supplementaires","embeddable":true,"href":"https:\/\/selftherapie.com\/en\/wp-json\/wp\/v2\/competences_supplementaires?post=9603"},{"taxonomy":"consultation_a_distance","embeddable":true,"href":"https:\/\/selftherapie.com\/en\/wp-json\/wp\/v2\/consultation_a_distance?post=9603"}],"curies":[{"name":"wp","href":"https:\/\/api.w.org\/{rel}","templated":true}]}}