{"id":9602,"date":"2026-04-29T07:11:40","date_gmt":"2026-04-29T07:11:40","guid":{"rendered":"https:\/\/selftherapie.com\/lestherapeutes\/stephanie-verstraete\/"},"modified":"2026-04-29T07:11:40","modified_gmt":"2026-04-29T07:11:40","slug":"stephanie-verstraete-tg121","status":"publish","type":"lestherapeutes","link":"https:\/\/selftherapie.com\/en\/lestherapeutes\/stephanie-verstraete-tg121\/","title":{"rendered":"St\u00e9phanie VERSTRAETE"},"content":{"rendered":"<p>Parce que je pense que la libert\u00e9 et l&rsquo;autonomie sont des piliers de la construction de soi, j&rsquo;accompagne toute personne souhaitant se d\u00e9faire de ses enfermements et traumatismes. De cette mani\u00e8re chacun et chacune peut d\u00e9couvrir (ou red\u00e9couvrir) et prendre soin de son monde int\u00e9rieur pour faire le choix de vivre pleinement le monde ext\u00e9rieur en s\u00e9curit\u00e9. S&rsquo;appuyer sur le lien th\u00e9rapeutique pour renforcer le lien \u00e0 soi et la connexion au monde.<\/p>\n<p style=\"margin-bottom:0cm;line-height:150%\" align=\"justify\">Je m&rsquo;appuie principalement sur le mod\u00e8le IR\u00ae Intelligence relationnelle, la Th\u00e9orie Polyvagale (TPV) ainsi que l&rsquo;approche en IFS (Syst\u00e8me Familial Int\u00e9rieur).<\/p>","protected":false},"excerpt":{"rendered":"<p>Parce que je pense que la libert\u00e9 et l&rsquo;autonomie sont des piliers de la construction de soi, j&rsquo;accompagne toute personne souhaitant se d\u00e9faire de ses enfermements et traumatismes. De cette mani\u00e8re chacun et chacune peut d\u00e9couvrir (ou red\u00e9couvrir) et prendre soin de son monde int\u00e9rieur pour faire le choix de vivre pleinement le monde ext\u00e9rieur [&hellip;]<\/p>\n","protected":false},"featured_media":0,"template":"","meta":{"_acf_changed":false},"statut_stf":[177],"seances_multilingues":[],"disponibilite":[138],"profession":[127],"competences_supplementaires":[],"consultation_a_distance":[136],"class_list":["post-9602","lestherapeutes","type-lestherapeutes","status-publish","hentry","statut_stf-therapeute-ir-en-parcours-senior","disponibilite-disponible","profession-psychopracticienne","consultation_a_distance-presentiel-et-a-distance","wpbf-post"],"acf":[],"_links":{"self":[{"href":"https:\/\/selftherapie.com\/en\/wp-json\/wp\/v2\/lestherapeutes\/9602","targetHints":{"allow":["GET"]}}],"collection":[{"href":"https:\/\/selftherapie.com\/en\/wp-json\/wp\/v2\/lestherapeutes"}],"about":[{"href":"https:\/\/selftherapie.com\/en\/wp-json\/wp\/v2\/types\/lestherapeutes"}],"wp:attachment":[{"href":"https:\/\/selftherapie.com\/en\/wp-json\/wp\/v2\/media?parent=9602"}],"wp:term":[{"taxonomy":"statut_stf","embeddable":true,"href":"https:\/\/selftherapie.com\/en\/wp-json\/wp\/v2\/statut_stf?post=9602"},{"taxonomy":"seances_multilingues","embeddable":true,"href":"https:\/\/selftherapie.com\/en\/wp-json\/wp\/v2\/seances_multilingues?post=9602"},{"taxonomy":"disponibilite","embeddable":true,"href":"https:\/\/selftherapie.com\/en\/wp-json\/wp\/v2\/disponibilite?post=9602"},{"taxonomy":"profession","embeddable":true,"href":"https:\/\/selftherapie.com\/en\/wp-json\/wp\/v2\/profession?post=9602"},{"taxonomy":"competences_supplementaires","embeddable":true,"href":"https:\/\/selftherapie.com\/en\/wp-json\/wp\/v2\/competences_supplementaires?post=9602"},{"taxonomy":"consultation_a_distance","embeddable":true,"href":"https:\/\/selftherapie.com\/en\/wp-json\/wp\/v2\/consultation_a_distance?post=9602"}],"curies":[{"name":"wp","href":"https:\/\/api.w.org\/{rel}","templated":true}]}}