{"id":9590,"date":"2026-04-29T09:53:18","date_gmt":"2026-04-29T09:53:18","guid":{"rendered":"https:\/\/selftherapie.com\/lestherapeutes\/brice-de-charentenay\/"},"modified":"2026-04-29T09:53:19","modified_gmt":"2026-04-29T09:53:19","slug":"brice-de-charentenay-tg109","status":"publish","type":"lestherapeutes","link":"https:\/\/selftherapie.com\/en\/lestherapeutes\/brice-de-charentenay-tg109\/","title":{"rendered":"Brice DE CHARENTENAY"},"content":{"rendered":"<p>Je m&rsquo;appuie \u00e9galement sur les comp\u00e9tences relationnelles que j&rsquo;ai d\u00e9velopp\u00e9 pendant 10 ann\u00e9es de Gestalt-th\u00e9rapie comme psychopraticien \u00e0 Marseille. Je suis \u00e0 ce titre titulaire du Certificat Europ\u00e9en de Psychoth\u00e9rapie, membre de la F\u00e9d\u00e9ration Fran\u00e7aise de Psychoth\u00e9rapie et Psychanalyse, certifi\u00e9 comme Gestalt th\u00e9rapeute, en IFS (niveau 1) et en R\u00e9f\u00e9rentiel de Naissance. Je suis form\u00e9 en Intelligence Relationnelle (niveau 1 et 2). Je suis supervis\u00e9 r\u00e9guli\u00e8rement et j&rsquo;adh\u00e8re au code de d\u00e9ontologie de la FF2P. Enfin ma pratique s&rsquo;appuie sur tout le travail personnel que j&rsquo;ai effectu\u00e9 en Gestalt, art th\u00e9rapie, psychog\u00e9n\u00e9alogie, EMDR et IFS.<\/p>\n<\/p>\n<p>Je suis \u00e9galement superviseur, form\u00e9 \u00e0 l&rsquo;institut Grefor.<\/p>","protected":false},"excerpt":{"rendered":"<p>Je m&rsquo;appuie \u00e9galement sur les comp\u00e9tences relationnelles que j&rsquo;ai d\u00e9velopp\u00e9 pendant 10 ann\u00e9es de Gestalt-th\u00e9rapie comme psychopraticien \u00e0 Marseille. Je suis \u00e0 ce titre titulaire du Certificat Europ\u00e9en de Psychoth\u00e9rapie, membre de la F\u00e9d\u00e9ration Fran\u00e7aise de Psychoth\u00e9rapie et Psychanalyse, certifi\u00e9 comme Gestalt th\u00e9rapeute, en IFS (niveau 1) et en R\u00e9f\u00e9rentiel de Naissance. Je suis form\u00e9 [&hellip;]<\/p>\n","protected":false},"featured_media":0,"template":"","meta":{"_acf_changed":false},"statut_stf":[176],"seances_multilingues":[],"disponibilite":[126],"profession":[127],"competences_supplementaires":[],"consultation_a_distance":[],"class_list":["post-9590","lestherapeutes","type-lestherapeutes","status-publish","hentry","statut_stf-therapeute-ir-certifie","disponibilite-autre-disponibilite","profession-psychopracticienne","wpbf-post"],"acf":[],"_links":{"self":[{"href":"https:\/\/selftherapie.com\/en\/wp-json\/wp\/v2\/lestherapeutes\/9590","targetHints":{"allow":["GET"]}}],"collection":[{"href":"https:\/\/selftherapie.com\/en\/wp-json\/wp\/v2\/lestherapeutes"}],"about":[{"href":"https:\/\/selftherapie.com\/en\/wp-json\/wp\/v2\/types\/lestherapeutes"}],"wp:attachment":[{"href":"https:\/\/selftherapie.com\/en\/wp-json\/wp\/v2\/media?parent=9590"}],"wp:term":[{"taxonomy":"statut_stf","embeddable":true,"href":"https:\/\/selftherapie.com\/en\/wp-json\/wp\/v2\/statut_stf?post=9590"},{"taxonomy":"seances_multilingues","embeddable":true,"href":"https:\/\/selftherapie.com\/en\/wp-json\/wp\/v2\/seances_multilingues?post=9590"},{"taxonomy":"disponibilite","embeddable":true,"href":"https:\/\/selftherapie.com\/en\/wp-json\/wp\/v2\/disponibilite?post=9590"},{"taxonomy":"profession","embeddable":true,"href":"https:\/\/selftherapie.com\/en\/wp-json\/wp\/v2\/profession?post=9590"},{"taxonomy":"competences_supplementaires","embeddable":true,"href":"https:\/\/selftherapie.com\/en\/wp-json\/wp\/v2\/competences_supplementaires?post=9590"},{"taxonomy":"consultation_a_distance","embeddable":true,"href":"https:\/\/selftherapie.com\/en\/wp-json\/wp\/v2\/consultation_a_distance?post=9590"}],"curies":[{"name":"wp","href":"https:\/\/api.w.org\/{rel}","templated":true}]}}