{"id":20780,"date":"2026-04-29T07:11:39","date_gmt":"2026-04-29T07:11:39","guid":{"rendered":"https:\/\/selftherapie.com\/lestherapeutes\/noa-pierson-tg666\/"},"modified":"2026-04-29T07:11:39","modified_gmt":"2026-04-29T07:11:39","slug":"noa-pierson-tg666","status":"publish","type":"lestherapeutes","link":"https:\/\/selftherapie.com\/en\/lestherapeutes\/noa-pierson-tg666\/","title":{"rendered":"Noa PIERSON"},"content":{"rendered":"<p>Je suis une personne blanche, queer, parent, plut\u00f4t valide, de classe moyenne avec de l&rsquo;argent. Je travaille activement \u00e0 d\u00e9construire mes privil\u00e8ges de race, de classe et de validisme;  je suis preneur de tout feedback  \u00e0 ce sujet. <br \/>I'm quite familiar with militant, self-managed, antirep, bdsm, polyA, neuroA, non-sco circles and collective living. I live surrounded by neuroA queer people. &lt;3 <\/p>\n<p>Je suis diplom\u00e9 en Intelligence Relationnelle\u00a0depuis septembre 2024 (niveau  1). Je continue de me former (formation continue sur 2025 et 2026), je  participe \u00e0 un groupe d&rsquo;intervision autog\u00e9r\u00e9 et je suis supervis\u00e9. Je  suis bien s\u00fbr suivi moi-m\u00eame en th\u00e9rapie IR (depuis  fin 2022). <br \/>Je me suis \u00e9galement beaucoup autoform\u00e9 en Communication NonViolente radicale (c&rsquo;est-\u00e0-dire qui prend en compte les oppressions syst\u00e9miques) depuis 2017. Dans ce domaine, je donne des ateliers depuis 2019 mais je ne suis pas diplom\u00e9. <\/p>\n<p>Mon r\u00eave est la transformation syst\u00e9mique au service d&rsquo;une justice sociale. <br \/>Je crois que soutenir les personnes dans la gu\u00e9rison de traumas (personnels, h\u00e9rit\u00e9s ou syst\u00e9miques) permet d&rsquo;aller vers :<br \/>&#8211; plus d&rsquo;harmonie int\u00e9rieure, de joie, de kif,<br \/>&#8211; plus de ressources pour s&rsquo;\u00e9panouir dans l&rsquo;alt\u00e9rit\u00e9, le rapport \u00e0 l&rsquo;Autre<br \/>&#8211; et donc permet de r\u00e9duire notre reproduction\/ participation (souvent involontaire) au syst\u00e8me de dominations.\u00a0 <\/p>\n<p> My frame: <\/p>\n<p>&#8211; pour le moment, je travaille les mardis et vendredis de 10h \u00e0 17h<\/p>\n<p>&#8211; mes sessions durent 1h, en visio via whereby ou signal<\/p>\n<p>&#8211; je fonctionne \u00e0 prix libre (virement, paypal, wero ou ch\u00e8que), \u00e0 partir de 25\u20ac. La proposition est que vous trouviez un montant qui vous engage financi\u00e8rement et donc qui vous engage dans un travail th\u00e9rapeutique de fond  sans vous mettre en difficult\u00e9 financi\u00e8re. Ce montant peut varier selon vos p\u00e9riodes de vie et vos ressources. On  en reparlera \u00e0 la premi\u00e8re s\u00e9ance.<\/p>\n<p>&#8211; la s\u00e9ance est un espace confidentiel o\u00f9 se d\u00e9poser, un espace qui est votre espace<\/p>\n<p>&#8211; tout ce que je dis n&rsquo;est que proposition, vous \u00eates libre de faire\/ne pas  faire &#8211; dire\/ne pas dire &#8211; dire stop \u00e0 tout moment (en session ou \u00e0 la  th\u00e9rapie)<\/p>\n<p>&#8211; je suis ouvert et preneur de retours et feedbacks (fond, forme, syst\u00e9mie)<\/p>\n<p>&#8211; session de 1h au rythme qui vous parle : de hebdomadaire \u00e0 tr\u00e8s ponctuel<\/p>\n<p>&#8211; rdv pris au plus tard le dimanche 18h pour la semaine qui vient<\/p>\n<p>&#8211; une session de cl\u00f4ture \u00e0 pr\u00e9voir en cas d&rsquo;arr\u00eat de la th\u00e9rapie.<\/p>\n<p>\u00a0<\/p>\n<p>Je ne donne pas de session pour les couples (je ne suis pas form\u00e9) et je n&rsquo;ai jamais accompagn\u00e9 de jeunes personnes. <\/p>","protected":false},"excerpt":{"rendered":"<p>Je suis une personne blanche, queer, parent, plut\u00f4t valide, de classe moyenne avec de l&rsquo;argent. Je travaille activement \u00e0 d\u00e9construire mes privil\u00e8ges de race, de classe et de validisme; je suis preneur de tout feedback \u00e0 ce sujet. Je suis assez familier des milieux militants, autog\u00e9r\u00e9s, antirep, bdsm, polyA, neuroA, non-sco et de la vie [&hellip;]<\/p>\n","protected":false},"featured_media":0,"template":"","meta":{"_acf_changed":false},"statut_stf":[152],"seances_multilingues":[],"disponibilite":[138],"profession":[],"competences_supplementaires":[],"consultation_a_distance":[135],"class_list":["post-20780","lestherapeutes","type-lestherapeutes","status-publish","hentry","statut_stf-therapeute-ir-en-parcours-junior","disponibilite-disponible","consultation_a_distance-a-distance-uniquement","wpbf-post"],"acf":[],"_links":{"self":[{"href":"https:\/\/selftherapie.com\/en\/wp-json\/wp\/v2\/lestherapeutes\/20780","targetHints":{"allow":["GET"]}}],"collection":[{"href":"https:\/\/selftherapie.com\/en\/wp-json\/wp\/v2\/lestherapeutes"}],"about":[{"href":"https:\/\/selftherapie.com\/en\/wp-json\/wp\/v2\/types\/lestherapeutes"}],"wp:attachment":[{"href":"https:\/\/selftherapie.com\/en\/wp-json\/wp\/v2\/media?parent=20780"}],"wp:term":[{"taxonomy":"statut_stf","embeddable":true,"href":"https:\/\/selftherapie.com\/en\/wp-json\/wp\/v2\/statut_stf?post=20780"},{"taxonomy":"seances_multilingues","embeddable":true,"href":"https:\/\/selftherapie.com\/en\/wp-json\/wp\/v2\/seances_multilingues?post=20780"},{"taxonomy":"disponibilite","embeddable":true,"href":"https:\/\/selftherapie.com\/en\/wp-json\/wp\/v2\/disponibilite?post=20780"},{"taxonomy":"profession","embeddable":true,"href":"https:\/\/selftherapie.com\/en\/wp-json\/wp\/v2\/profession?post=20780"},{"taxonomy":"competences_supplementaires","embeddable":true,"href":"https:\/\/selftherapie.com\/en\/wp-json\/wp\/v2\/competences_supplementaires?post=20780"},{"taxonomy":"consultation_a_distance","embeddable":true,"href":"https:\/\/selftherapie.com\/en\/wp-json\/wp\/v2\/consultation_a_distance?post=20780"}],"curies":[{"name":"wp","href":"https:\/\/api.w.org\/{rel}","templated":true}]}}